{"id":2166,"date":"2026-09-04T10:54:04","date_gmt":"2026-09-04T08:54:04","guid":{"rendered":"https:\/\/lamedia.enmantenimiento.es\/?page_id=2166"},"modified":"2026-09-04T11:12:55","modified_gmt":"2026-09-04T09:12:55","slug":"donde-aparcar-en-la-media-maraton-de-elche-2027","status":"publish","type":"page","link":"https:\/\/lamedia.enmantenimiento.es\/index.php\/donde-aparcar-en-la-media-maraton-de-elche-2027\/","title":{"rendered":"D\u00f3nde Aparcar"},"content":{"rendered":"\t\t<div data-elementor-type=\"wp-page\" data-elementor-id=\"2166\" class=\"elementor elementor-2166\" data-elementor-post-type=\"page\">\n\t\t\t\t<div class=\"elementor-element elementor-element-36d503a e-flex e-con-boxed e-con e-parent\" data-id=\"36d503a\" data-element_type=\"container\" data-e-type=\"container\" data-settings=\"{&quot;background_background&quot;:&quot;slideshow&quot;,&quot;background_slideshow_gallery&quot;:[{&quot;id&quot;:1028,&quot;url&quot;:&quot;https:\\\/\\\/lamedia.enmantenimiento.es\\\/wp-content\\\/uploads\\\/DSC6031.jpg&quot;},{&quot;id&quot;:1030,&quot;url&quot;:&quot;https:\\\/\\\/lamedia.enmantenimiento.es\\\/wp-content\\\/uploads\\\/DSC6051.jpg&quot;},{&quot;id&quot;:1035,&quot;url&quot;:&quot;https:\\\/\\\/lamedia.enmantenimiento.es\\\/wp-content\\\/uploads\\\/DSC6107.jpg&quot;},{&quot;id&quot;:1034,&quot;url&quot;:&quot;https:\\\/\\\/lamedia.enmantenimiento.es\\\/wp-content\\\/uploads\\\/DSC6106.jpg&quot;},{&quot;id&quot;:1032,&quot;url&quot;:&quot;https:\\\/\\\/lamedia.enmantenimiento.es\\\/wp-content\\\/uploads\\\/DSC6091.jpg&quot;},{&quot;id&quot;:1033,&quot;url&quot;:&quot;https:\\\/\\\/lamedia.enmantenimiento.es\\\/wp-content\\\/uploads\\\/DSC6104.jpg&quot;},{&quot;id&quot;:1036,&quot;url&quot;:&quot;https:\\\/\\\/lamedia.enmantenimiento.es\\\/wp-content\\\/uploads\\\/DSC6110.jpg&quot;},{&quot;id&quot;:1024,&quot;url&quot;:&quot;https:\\\/\\\/lamedia.enmantenimiento.es\\\/wp-content\\\/uploads\\\/DSC6017-1.jpg&quot;},{&quot;id&quot;:1025,&quot;url&quot;:&quot;https:\\\/\\\/lamedia.enmantenimiento.es\\\/wp-content\\\/uploads\\\/DSC6023-1.jpg&quot;},{&quot;id&quot;:1038,&quot;url&quot;:&quot;https:\\\/\\\/lamedia.enmantenimiento.es\\\/wp-content\\\/uploads\\\/DSC6134.jpg&quot;},{&quot;id&quot;:1029,&quot;url&quot;:&quot;https:\\\/\\\/lamedia.enmantenimiento.es\\\/wp-content\\\/uploads\\\/DSC6050.jpg&quot;}],&quot;background_slideshow_lazyload&quot;:&quot;yes&quot;,&quot;background_slideshow_ken_burns&quot;:&quot;yes&quot;,&quot;background_slideshow_ken_burns_zoom_direction&quot;:&quot;out&quot;,&quot;background_slideshow_slide_duration&quot;:8000,&quot;background_slideshow_loop&quot;:&quot;yes&quot;,&quot;background_slideshow_slide_transition&quot;:&quot;fade&quot;,&quot;background_slideshow_transition_duration&quot;:500}\">\n\t\t\t\t\t<div class=\"e-con-inner\">\n\t\t<div class=\"elementor-element elementor-element-1027211 e-con-full e-flex e-con e-child\" data-id=\"1027211\" data-element_type=\"container\" data-e-type=\"container\">\n\t\t<div class=\"elementor-element elementor-element-a2aa7be e-con-full e-flex e-con e-child\" data-id=\"a2aa7be\" data-element_type=\"container\" data-e-type=\"container\">\n\t\t\t\t<div class=\"elementor-element elementor-element-02e6a5c elementor-invisible elementor-widget elementor-widget-heading\" data-id=\"02e6a5c\" data-element_type=\"widget\" data-e-type=\"widget\" data-settings=\"{&quot;_animation&quot;:&quot;fadeInUp&quot;}\" data-widget_type=\"heading.default\">\n\t\t\t\t\t<h2 class=\"elementor-heading-title elementor-size-default\">D\u00f3nde aparcar el d\u00eda de la Media Marat\u00f3n de Elche<\/h2>\t\t\t\t<\/div>\n\t\t\t\t<\/div>\n\t\t\t\t<\/div>\n\t\t\t\t\t<\/div>\n\t\t\t\t<\/div>\n\t\t<div class=\"elementor-element elementor-element-eca6690 e-flex e-con-boxed e-con e-parent\" data-id=\"eca6690\" data-element_type=\"container\" data-e-type=\"container\" data-settings=\"{&quot;background_background&quot;:&quot;gradient&quot;}\">\n\t\t\t\t\t<div class=\"e-con-inner\">\n\t\t<div class=\"elementor-element elementor-element-9bcbe2b e-con-full e-flex e-con e-child\" data-id=\"9bcbe2b\" data-element_type=\"container\" data-e-type=\"container\">\n\t\t<div class=\"elementor-element elementor-element-240f00c e-con-full e-flex e-con e-child\" data-id=\"240f00c\" data-element_type=\"container\" data-e-type=\"container\">\n\t\t<div class=\"elementor-element elementor-element-dedb6f8 e-con-full e-flex e-con e-child\" data-id=\"dedb6f8\" data-element_type=\"container\" data-e-type=\"container\">\n\t\t\t\t<div class=\"elementor-element elementor-element-5179ff1 elementor-invisible elementor-widget elementor-widget-heading\" data-id=\"5179ff1\" data-element_type=\"widget\" data-e-type=\"widget\" data-settings=\"{&quot;_animation&quot;:&quot;fadeInUp&quot;}\" data-widget_type=\"heading.default\">\n\t\t\t\t\t<h2 class=\"elementor-heading-title elementor-size-default\">\nOpciones de aparcamiento para participantes el d\u00eda de la carrera.<\/h2>\t\t\t\t<\/div>\n\t\t<div class=\"elementor-element elementor-element-05d6b0a e-con-full e-flex e-con e-child\" data-id=\"05d6b0a\" data-element_type=\"container\" data-e-type=\"container\">\n\t\t\t\t<div class=\"elementor-element elementor-element-292b829 elementor-widget elementor-widget-text-editor\" data-id=\"292b829\" data-element_type=\"widget\" data-e-type=\"widget\" data-widget_type=\"text-editor.default\">\n\t\t\t\t\t\t\t\t\t<p>Olv\u00eddate del estr\u00e9s. Hemos habilitado diversas opciones de aparcamiento, tanto gratuitas como de pago, cerca de la zona de salida\/meta.<br \/><br \/>Consulta nuestro mapa y planifica tu llegada con antelaci\u00f3n.<\/p>\t\t\t\t\t\t\t\t<\/div>\n\t\t\t\t<\/div>\n\t\t\t\t<\/div>\n\t\t\t\t<\/div>\n\t\t<div class=\"elementor-element elementor-element-c7f0349 e-con-full e-flex e-con e-child\" data-id=\"c7f0349\" data-element_type=\"container\" data-e-type=\"container\" data-settings=\"{&quot;background_background&quot;:&quot;classic&quot;}\">\n\t\t\t\t<div class=\"elementor-element elementor-element-886fa7d elementor-widget elementor-widget-image\" data-id=\"886fa7d\" data-element_type=\"widget\" data-e-type=\"widget\" data-widget_type=\"image.default\">\n\t\t\t\t\t\t\t\t\t\t\t\t\t\t\t<img fetchpriority=\"high\" decoding=\"async\" width=\"1920\" height=\"1280\" src=\"https:\/\/lamedia.enmantenimiento.es\/wp-content\/uploads\/DSC6107.jpg\" class=\"attachment-full size-full wp-image-1035\" alt=\"\" srcset=\"https:\/\/lamedia.enmantenimiento.es\/wp-content\/uploads\/DSC6107.jpg 1920w, https:\/\/lamedia.enmantenimiento.es\/wp-content\/uploads\/DSC6107-300x200.jpg 300w, https:\/\/lamedia.enmantenimiento.es\/wp-content\/uploads\/DSC6107-1024x683.jpg 1024w, https:\/\/lamedia.enmantenimiento.es\/wp-content\/uploads\/DSC6107-768x512.jpg 768w, https:\/\/lamedia.enmantenimiento.es\/wp-content\/uploads\/DSC6107-1536x1024.jpg 1536w\" sizes=\"(max-width: 1920px) 100vw, 1920px\" \/>\t\t\t\t\t\t\t\t\t\t\t\t\t\t\t<\/div>\n\t\t\t\t<\/div>\n\t\t\t\t<\/div>\n\t\t\t\t\t<\/div>\n\t\t\t\t<\/div>\n\t\t<div class=\"elementor-element elementor-element-cc92f80 e-flex e-con-boxed e-con e-parent\" data-id=\"cc92f80\" data-element_type=\"container\" data-e-type=\"container\">\n\t\t\t\t\t<div class=\"e-con-inner\">\n\t\t\t\t<div class=\"elementor-element elementor-element-ceb3d54 elementor-widget elementor-widget-image\" data-id=\"ceb3d54\" data-element_type=\"widget\" data-e-type=\"widget\" data-widget_type=\"image.default\">\n\t\t\t\t\t\t\t\t\t\t\t\t\t\t\t<img decoding=\"async\" width=\"800\" height=\"438\" src=\"https:\/\/lamedia.enmantenimiento.es\/wp-content\/uploads\/mapa-elche-1024x560.jpg\" class=\"attachment-large size-large wp-image-482\" alt=\"\" srcset=\"https:\/\/lamedia.enmantenimiento.es\/wp-content\/uploads\/mapa-elche-1024x560.jpg 1024w, https:\/\/lamedia.enmantenimiento.es\/wp-content\/uploads\/mapa-elche-300x164.jpg 300w, https:\/\/lamedia.enmantenimiento.es\/wp-content\/uploads\/mapa-elche-768x420.jpg 768w, https:\/\/lamedia.enmantenimiento.es\/wp-content\/uploads\/mapa-elche-1536x840.jpg 1536w, https:\/\/lamedia.enmantenimiento.es\/wp-content\/uploads\/mapa-elche.jpg 1877w\" sizes=\"(max-width: 800px) 100vw, 800px\" \/>\t\t\t\t\t\t\t\t\t\t\t\t\t\t\t<\/div>\n\t\t\t\t\t<\/div>\n\t\t\t\t<\/div>\n\t\t\t\t<\/div>\n\t\t","protected":false},"excerpt":{"rendered":"<p>D\u00f3nde aparcar el d\u00eda de la Media Marat\u00f3n de Elche Opciones de aparcamiento para participantes el d\u00eda de la carrera. Olv\u00eddate del estr\u00e9s. Hemos habilitado diversas opciones de aparcamiento, tanto gratuitas como de pago, cerca de la zona de salida\/meta. Consulta nuestro mapa y planifica tu llegada con antelaci\u00f3n.<\/p>\n","protected":false},"author":1,"featured_media":0,"parent":0,"menu_order":0,"comment_status":"closed","ping_status":"closed","template":"","meta":{"footnotes":""},"class_list":["post-2166","page","type-page","status-publish","hentry"],"yoast_head":"<!-- This site is optimized with the Yoast SEO plugin v28.4 - https:\/\/yoast.com\/product\/yoast-seo-wordpress\/ -->\n<title>D\u00f3nde Aparcar - La Media<\/title>\n<meta name=\"description\" content=\"Consulta las zonas de aparcamiento recomendadas para la Media Marat\u00f3n de Elche y planifica con antelaci\u00f3n tu llegada a la salida.\" \/>\n<meta name=\"robots\" content=\"noindex, follow, max-snippet:-1, max-image-preview:large, max-video-preview:-1\" \/>\n<meta property=\"og:locale\" content=\"es_ES\" \/>\n<meta property=\"og:type\" content=\"article\" \/>\n<meta property=\"og:title\" content=\"D\u00f3nde Aparcar - La Media\" \/>\n<meta property=\"og:description\" content=\"Consulta las zonas de aparcamiento recomendadas para la Media Marat\u00f3n de Elche y planifica con antelaci\u00f3n tu llegada a la salida.\" \/>\n<meta property=\"og:url\" content=\"https:\/\/lamedia.enmantenimiento.es\/index.php\/donde-aparcar-en-la-media-maraton-de-elche-2027\/\" \/>\n<meta property=\"og:site_name\" content=\"La Media\" \/>\n<meta property=\"article:modified_time\" content=\"2026-09-04T09:12:55+00:00\" \/>\n<meta property=\"og:image\" content=\"https:\/\/lamedia.enmantenimiento.es\/wp-content\/uploads\/DSC6107.jpg\" \/>\n<meta name=\"twitter:card\" content=\"summary_large_image\" \/>\n<meta name=\"twitter:label1\" content=\"Tiempo de lectura\" \/>\n\t<meta name=\"twitter:data1\" content=\"1 minuto\" \/>\n<script type=\"application\/ld+json\" class=\"yoast-schema-graph\">{\"@context\":\"https:\\\/\\\/schema.org\",\"@graph\":[{\"@type\":\"WebPage\",\"@id\":\"https:\\\/\\\/lamedia.enmantenimiento.es\\\/index.php\\\/donde-aparcar-en-la-media-maraton-de-elche-2027\\\/\",\"url\":\"https:\\\/\\\/lamedia.enmantenimiento.es\\\/index.php\\\/donde-aparcar-en-la-media-maraton-de-elche-2027\\\/\",\"name\":\"D\u00f3nde Aparcar - La Media\",\"isPartOf\":{\"@id\":\"https:\\\/\\\/lamedia.enmantenimiento.es\\\/#website\"},\"primaryImageOfPage\":{\"@id\":\"https:\\\/\\\/lamedia.enmantenimiento.es\\\/index.php\\\/donde-aparcar-en-la-media-maraton-de-elche-2027\\\/#primaryimage\"},\"image\":{\"@id\":\"https:\\\/\\\/lamedia.enmantenimiento.es\\\/index.php\\\/donde-aparcar-en-la-media-maraton-de-elche-2027\\\/#primaryimage\"},\"thumbnailUrl\":\"https:\\\/\\\/lamedia.enmantenimiento.es\\\/wp-content\\\/uploads\\\/DSC6107.jpg\",\"datePublished\":\"2026-09-04T08:54:04+00:00\",\"dateModified\":\"2026-09-04T09:12:55+00:00\",\"description\":\"Consulta las zonas de aparcamiento recomendadas para la Media Marat\u00f3n de Elche y planifica con antelaci\u00f3n tu llegada a la salida.\",\"breadcrumb\":{\"@id\":\"https:\\\/\\\/lamedia.enmantenimiento.es\\\/index.php\\\/donde-aparcar-en-la-media-maraton-de-elche-2027\\\/#breadcrumb\"},\"inLanguage\":\"es\",\"potentialAction\":[{\"@type\":\"ReadAction\",\"target\":[\"https:\\\/\\\/lamedia.enmantenimiento.es\\\/index.php\\\/donde-aparcar-en-la-media-maraton-de-elche-2027\\\/\"]}]},{\"@type\":\"ImageObject\",\"inLanguage\":\"es\",\"@id\":\"https:\\\/\\\/lamedia.enmantenimiento.es\\\/index.php\\\/donde-aparcar-en-la-media-maraton-de-elche-2027\\\/#primaryimage\",\"url\":\"https:\\\/\\\/lamedia.enmantenimiento.es\\\/wp-content\\\/uploads\\\/DSC6107.jpg\",\"contentUrl\":\"https:\\\/\\\/lamedia.enmantenimiento.es\\\/wp-content\\\/uploads\\\/DSC6107.jpg\",\"width\":1920,\"height\":1280},{\"@type\":\"BreadcrumbList\",\"@id\":\"https:\\\/\\\/lamedia.enmantenimiento.es\\\/index.php\\\/donde-aparcar-en-la-media-maraton-de-elche-2027\\\/#breadcrumb\",\"itemListElement\":[{\"@type\":\"ListItem\",\"position\":1,\"name\":\"Portada\",\"item\":\"https:\\\/\\\/lamedia.enmantenimiento.es\\\/\"},{\"@type\":\"ListItem\",\"position\":2,\"name\":\"D\u00f3nde Aparcar\"}]},{\"@type\":\"WebSite\",\"@id\":\"https:\\\/\\\/lamedia.enmantenimiento.es\\\/#website\",\"url\":\"https:\\\/\\\/lamedia.enmantenimiento.es\\\/\",\"name\":\"La Media\",\"description\":\"\",\"potentialAction\":[{\"@type\":\"SearchAction\",\"target\":{\"@type\":\"EntryPoint\",\"urlTemplate\":\"https:\\\/\\\/lamedia.enmantenimiento.es\\\/?s={search_term_string}\"},\"query-input\":{\"@type\":\"PropertyValueSpecification\",\"valueRequired\":true,\"valueName\":\"search_term_string\"}}],\"inLanguage\":\"es\"}]}<\/script>\n<!-- \/ Yoast SEO plugin. -->","yoast_head_json":{"title":"D\u00f3nde Aparcar - La Media","description":"Consulta las zonas de aparcamiento recomendadas para la Media Marat\u00f3n de Elche y planifica con antelaci\u00f3n tu llegada a la salida.","robots":{"index":"noindex","follow":"follow","max-snippet":"max-snippet:-1","max-image-preview":"max-image-preview:large","max-video-preview":"max-video-preview:-1"},"og_locale":"es_ES","og_type":"article","og_title":"D\u00f3nde Aparcar - La Media","og_description":"Consulta las zonas de aparcamiento recomendadas para la Media Marat\u00f3n de Elche y planifica con antelaci\u00f3n tu llegada a la salida.","og_url":"https:\/\/lamedia.enmantenimiento.es\/index.php\/donde-aparcar-en-la-media-maraton-de-elche-2027\/","og_site_name":"La Media","article_modified_time":"2026-09-04T09:12:55+00:00","og_image":[{"url":"https:\/\/lamedia.enmantenimiento.es\/wp-content\/uploads\/DSC6107.jpg","type":"","width":"","height":""}],"twitter_card":"summary_large_image","twitter_misc":{"Tiempo de lectura":"1 minuto"},"schema":{"@context":"https:\/\/schema.org","@graph":[{"@type":"WebPage","@id":"https:\/\/lamedia.enmantenimiento.es\/index.php\/donde-aparcar-en-la-media-maraton-de-elche-2027\/","url":"https:\/\/lamedia.enmantenimiento.es\/index.php\/donde-aparcar-en-la-media-maraton-de-elche-2027\/","name":"D\u00f3nde Aparcar - La Media","isPartOf":{"@id":"https:\/\/lamedia.enmantenimiento.es\/#website"},"primaryImageOfPage":{"@id":"https:\/\/lamedia.enmantenimiento.es\/index.php\/donde-aparcar-en-la-media-maraton-de-elche-2027\/#primaryimage"},"image":{"@id":"https:\/\/lamedia.enmantenimiento.es\/index.php\/donde-aparcar-en-la-media-maraton-de-elche-2027\/#primaryimage"},"thumbnailUrl":"https:\/\/lamedia.enmantenimiento.es\/wp-content\/uploads\/DSC6107.jpg","datePublished":"2026-09-04T08:54:04+00:00","dateModified":"2026-09-04T09:12:55+00:00","description":"Consulta las zonas de aparcamiento recomendadas para la Media Marat\u00f3n de Elche y planifica con antelaci\u00f3n tu llegada a la salida.","breadcrumb":{"@id":"https:\/\/lamedia.enmantenimiento.es\/index.php\/donde-aparcar-en-la-media-maraton-de-elche-2027\/#breadcrumb"},"inLanguage":"es","potentialAction":[{"@type":"ReadAction","target":["https:\/\/lamedia.enmantenimiento.es\/index.php\/donde-aparcar-en-la-media-maraton-de-elche-2027\/"]}]},{"@type":"ImageObject","inLanguage":"es","@id":"https:\/\/lamedia.enmantenimiento.es\/index.php\/donde-aparcar-en-la-media-maraton-de-elche-2027\/#primaryimage","url":"https:\/\/lamedia.enmantenimiento.es\/wp-content\/uploads\/DSC6107.jpg","contentUrl":"https:\/\/lamedia.enmantenimiento.es\/wp-content\/uploads\/DSC6107.jpg","width":1920,"height":1280},{"@type":"BreadcrumbList","@id":"https:\/\/lamedia.enmantenimiento.es\/index.php\/donde-aparcar-en-la-media-maraton-de-elche-2027\/#breadcrumb","itemListElement":[{"@type":"ListItem","position":1,"name":"Portada","item":"https:\/\/lamedia.enmantenimiento.es\/"},{"@type":"ListItem","position":2,"name":"D\u00f3nde Aparcar"}]},{"@type":"WebSite","@id":"https:\/\/lamedia.enmantenimiento.es\/#website","url":"https:\/\/lamedia.enmantenimiento.es\/","name":"La Media","description":"","potentialAction":[{"@type":"SearchAction","target":{"@type":"EntryPoint","urlTemplate":"https:\/\/lamedia.enmantenimiento.es\/?s={search_term_string}"},"query-input":{"@type":"PropertyValueSpecification","valueRequired":true,"valueName":"search_term_string"}}],"inLanguage":"es"}]}},"_links":{"self":[{"href":"https:\/\/lamedia.enmantenimiento.es\/index.php\/wp-json\/wp\/v2\/pages\/2166","targetHints":{"allow":["GET"]}}],"collection":[{"href":"https:\/\/lamedia.enmantenimiento.es\/index.php\/wp-json\/wp\/v2\/pages"}],"about":[{"href":"https:\/\/lamedia.enmantenimiento.es\/index.php\/wp-json\/wp\/v2\/types\/page"}],"author":[{"embeddable":true,"href":"https:\/\/lamedia.enmantenimiento.es\/index.php\/wp-json\/wp\/v2\/users\/1"}],"replies":[{"embeddable":true,"href":"https:\/\/lamedia.enmantenimiento.es\/index.php\/wp-json\/wp\/v2\/comments?post=2166"}],"version-history":[{"count":4,"href":"https:\/\/lamedia.enmantenimiento.es\/index.php\/wp-json\/wp\/v2\/pages\/2166\/revisions"}],"predecessor-version":[{"id":2170,"href":"https:\/\/lamedia.enmantenimiento.es\/index.php\/wp-json\/wp\/v2\/pages\/2166\/revisions\/2170"}],"wp:attachment":[{"href":"https:\/\/lamedia.enmantenimiento.es\/index.php\/wp-json\/wp\/v2\/media?parent=2166"}],"curies":[{"name":"wp","href":"https:\/\/api.w.org\/{rel}","templated":true}]}}