{"id":1429,"date":"2026-09-03T11:01:29","date_gmt":"2026-09-03T09:01:29","guid":{"rendered":"https:\/\/lamedia.enmantenimiento.es\/?page_id=1429"},"modified":"2026-09-04T12:25:23","modified_gmt":"2026-09-04T10:25:23","slug":"preguntas-frecuentes","status":"publish","type":"page","link":"https:\/\/lamedia.enmantenimiento.es\/index.php\/preguntas-frecuentes\/","title":{"rendered":"PREGUNTAS FRECUENTES"},"content":{"rendered":"\t\t<div data-elementor-type=\"wp-page\" data-elementor-id=\"1429\" class=\"elementor elementor-1429\" data-elementor-post-type=\"page\">\n\t\t\t\t<div class=\"elementor-element elementor-element-6cba8f1 e-flex e-con-boxed e-con e-parent\" data-id=\"6cba8f1\" data-element_type=\"container\" data-e-type=\"container\" data-settings=\"{&quot;background_background&quot;:&quot;video&quot;,&quot;background_video_link&quot;:&quot;https:\\\/\\\/lamedia.enmantenimiento.es\\\/wp-content\\\/uploads\\\/magnific_animate-gradient_Lw4mUwMswO.mp4&quot;}\">\n\t\t\t\t\t<div class=\"e-con-inner\">\n\t\t<div class=\"elementor-background-video-container elementor-hidden-mobile\">\n\t\t\t\t\t\t\t<video class=\"elementor-background-video-hosted\" role=\"presentation\" autoplay muted playsinline loop><\/video>\n\t\t\t\t\t<\/div><div class=\"elementor-element elementor-element-38d31eb e-con-full e-flex e-con e-child\" data-id=\"38d31eb\" data-element_type=\"container\" data-e-type=\"container\">\n\t\t<div class=\"elementor-element elementor-element-3df41c5 e-con-full e-flex e-con e-child\" data-id=\"3df41c5\" data-element_type=\"container\" data-e-type=\"container\">\n\t\t\t\t<div class=\"elementor-element elementor-element-30248ef elementor-invisible elementor-widget elementor-widget-heading\" data-id=\"30248ef\" data-element_type=\"widget\" data-e-type=\"widget\" data-settings=\"{&quot;_animation&quot;:&quot;fadeInUp&quot;}\" data-widget_type=\"heading.default\">\n\t\t\t\t\t<h2 class=\"elementor-heading-title elementor-size-default\">PREGUNTAS FRECUENTES<\/h2>\t\t\t\t<\/div>\n\t\t\t\t<\/div>\n\t\t\t\t<\/div>\n\t\t\t\t\t<\/div>\n\t\t\t\t<\/div>\n\t\t<div class=\"elementor-element elementor-element-0eb1e85 e-flex e-con-boxed e-con e-parent\" data-id=\"0eb1e85\" data-element_type=\"container\" data-e-type=\"container\" data-settings=\"{&quot;background_background&quot;:&quot;classic&quot;}\">\n\t\t\t\t\t<div class=\"e-con-inner\">\n\t\t<div class=\"elementor-element elementor-element-f5b2bc8 e-con-full e-flex e-con e-child\" data-id=\"f5b2bc8\" data-element_type=\"container\" data-e-type=\"container\">\n\t\t<div class=\"elementor-element elementor-element-980d45e e-con-full e-flex e-con e-child\" data-id=\"980d45e\" data-element_type=\"container\" data-e-type=\"container\">\n\t\t\t\t<div class=\"elementor-element elementor-element-46106de elementor-position-inline-start elementor-view-default elementor-mobile-position-block-start elementor-widget elementor-widget-icon-box\" data-id=\"46106de\" data-element_type=\"widget\" data-e-type=\"widget\" data-widget_type=\"icon-box.default\">\n\t\t\t\t\t\t\t<div class=\"elementor-icon-box-wrapper\">\n\n\t\t\t\t\t\t<div class=\"elementor-icon-box-icon\">\n\t\t\t\t<span  class=\"elementor-icon\">\n\t\t\t\t<svg aria-hidden=\"true\" class=\"e-font-icon-svg e-fas-caret-right\" viewBox=\"0 0 192 512\" xmlns=\"http:\/\/www.w3.org\/2000\/svg\"><path d=\"M0 384.662V127.338c0-17.818 21.543-26.741 34.142-14.142l128.662 128.662c7.81 7.81 7.81 20.474 0 28.284L34.142 398.804C21.543 411.404 0 402.48 0 384.662z\"><\/path><\/svg>\t\t\t\t<\/span>\n\t\t\t<\/div>\n\t\t\t\n\t\t\t\t\t\t<div class=\"elementor-icon-box-content\">\n\n\t\t\t\t\t\t\t\t\t<h3 class=\"elementor-icon-box-title\">\n\t\t\t\t\t\t<span  >\n\t\t\t\t\t\t\tInformaci\u00f3n general\u200b\t\t\t\t\t\t<\/span>\n\t\t\t\t\t<\/h3>\n\t\t\t\t\n\t\t\t\t\n\t\t\t<\/div>\n\t\t\t\n\t\t<\/div>\n\t\t\t\t\t\t<\/div>\n\t\t\t\t<div class=\"elementor-element elementor-element-81f56b3 animated-slow elementor-invisible elementor-widget elementor-widget-elementskit-accordion\" data-id=\"81f56b3\" data-element_type=\"widget\" data-e-type=\"widget\" data-settings=\"{&quot;_animation&quot;:&quot;fadeInLeft&quot;}\" data-widget_type=\"elementskit-accordion.default\">\n\t\t\t\t\t<div class=\"ekit-wid-con\" >\n        <div class=\"elementskit-accordion accoedion-primary\" id=\"accordion-6a9c21ff6129d\">\n\n            \n                <div class=\"elementskit-card \">\n                    <div class=\"elementskit-card-header\" id=\"primaryHeading-0-81f56b3\" role=\"heading\" aria-level=\"3\">\n                        <a href=\"#collapse-0e7ef106a9c21ff6129d\" class=\"ekit-accordion--toggler elementskit-btn-link collapsed\" role=\"button\" data-ekit-toggle=\"collapse\" data-target=\"#Collapse-0e7ef106a9c21ff6129d\" aria-expanded=\"false\" aria-controls=\"Collapse-0e7ef106a9c21ff6129d\">\n                            \n                            <span class=\"ekit-accordion-title\">\u00bfQu\u00e9 distancias puedo correr?<\/span>\n\n                            \n                                <div class=\"ekit_accordion_icon_group\">\n                                    <div class=\"ekit_accordion_normal_icon\">\n                                        <!-- Normal Icon -->\n\t\t\t\t\t\t\t\t\t\t<i class=\"icon icon-plus\"><\/i>                                    <\/div>\n\n                                    <div class=\"ekit_accordion_active_icon\">\n                                        <!-- Active Icon -->\n\t\t\t\t\t\t\t\t\t\t<i class=\"icon icon-minus\"><\/i>                                    <\/div>\n                                <\/div>\n\n                            \n                                                    <\/a>\n                    <\/div>\n\n                    <div id=\"Collapse-0e7ef106a9c21ff6129d\" class=\" collapse\" role=\"region\" aria-labelledby=\"primaryHeading-0-81f56b3\" data-parent=\"#accordion-6a9c21ff6129d\">\n\n                        <div class=\"elementskit-card-body ekit-accordion--content\">\n                            <p>Puedes elegir entre dos distancias: la Media Marat\u00f3n de 21,097 km y la 10K de 10.000 metros. Ambas pruebas cuentan con recorrido homologado y est\u00e1n supervisadas por la Real Federaci\u00f3n Espa\u00f1ola de Atletismo.<\/p>                        <\/div>\n\n                    <\/div>\n\n                <\/div><!-- .elementskit-card END -->\n\n                \n                <div class=\"elementskit-card \">\n                    <div class=\"elementskit-card-header\" id=\"primaryHeading-1-81f56b3\" role=\"heading\" aria-level=\"3\">\n                        <a href=\"#collapse-f3491b16a9c21ff6129d\" class=\"ekit-accordion--toggler elementskit-btn-link collapsed\" role=\"button\" data-ekit-toggle=\"collapse\" data-target=\"#Collapse-f3491b16a9c21ff6129d\" aria-expanded=\"false\" aria-controls=\"Collapse-f3491b16a9c21ff6129d\">\n                            \n                            <span class=\"ekit-accordion-title\">\u00bfCu\u00e1ndo se celebra la pr\u00f3xima edici\u00f3n?<\/span>\n\n                            \n                                <div class=\"ekit_accordion_icon_group\">\n                                    <div class=\"ekit_accordion_normal_icon\">\n                                        <!-- Normal Icon -->\n\t\t\t\t\t\t\t\t\t\t<i class=\"icon icon-plus\"><\/i>                                    <\/div>\n\n                                    <div class=\"ekit_accordion_active_icon\">\n                                        <!-- Active Icon -->\n\t\t\t\t\t\t\t\t\t\t<i class=\"icon icon-minus\"><\/i>                                    <\/div>\n                                <\/div>\n\n                            \n                                                    <\/a>\n                    <\/div>\n\n                    <div id=\"Collapse-f3491b16a9c21ff6129d\" class=\" collapse\" role=\"region\" aria-labelledby=\"primaryHeading-1-81f56b3\" data-parent=\"#accordion-6a9c21ff6129d\">\n\n                        <div class=\"elementskit-card-body ekit-accordion--content\">\n                            <p>La pr\u00f3xima edici\u00f3n de la Media Marat\u00f3n de Elche se celebrar\u00e1 el 11 de abril de 2027, con salida prevista a las 9:00 h. La prueba contar\u00e1 con salida unificada para 21K y 10K, organizada por ritmos para facilitar una salida fluida.<\/p>                        <\/div>\n\n                    <\/div>\n\n                <\/div><!-- .elementskit-card END -->\n\n                \n                <div class=\"elementskit-card \">\n                    <div class=\"elementskit-card-header\" id=\"primaryHeading-2-81f56b3\" role=\"heading\" aria-level=\"3\">\n                        <a href=\"#collapse-d5019aa6a9c21ff6129d\" class=\"ekit-accordion--toggler elementskit-btn-link collapsed\" role=\"button\" data-ekit-toggle=\"collapse\" data-target=\"#Collapse-d5019aa6a9c21ff6129d\" aria-expanded=\"false\" aria-controls=\"Collapse-d5019aa6a9c21ff6129d\">\n                            \n                            <span class=\"ekit-accordion-title\">\u00bfD\u00f3nde est\u00e1 la salida y la meta?<\/span>\n\n                            \n                                <div class=\"ekit_accordion_icon_group\">\n                                    <div class=\"ekit_accordion_normal_icon\">\n                                        <!-- Normal Icon -->\n\t\t\t\t\t\t\t\t\t\t<i class=\"icon icon-plus\"><\/i>                                    <\/div>\n\n                                    <div class=\"ekit_accordion_active_icon\">\n                                        <!-- Active Icon -->\n\t\t\t\t\t\t\t\t\t\t<i class=\"icon icon-minus\"><\/i>                                    <\/div>\n                                <\/div>\n\n                            \n                                                    <\/a>\n                    <\/div>\n\n                    <div id=\"Collapse-d5019aa6a9c21ff6129d\" class=\" collapse\" role=\"region\" aria-labelledby=\"primaryHeading-2-81f56b3\" data-parent=\"#accordion-6a9c21ff6129d\">\n\n                        <div class=\"elementskit-card-body ekit-accordion--content\">\n                            <p>La salida y la meta se ubican junto a la estaci\u00f3n de tren Elche Parque, en pleno entorno urbano de Elche. Desde all\u00ed, la carrera recorre la ciudad y parte del Palmeral hist\u00f3rico.<\/p>                        <\/div>\n\n                    <\/div>\n\n                <\/div><!-- .elementskit-card END -->\n\n                \n                <div class=\"elementskit-card \">\n                    <div class=\"elementskit-card-header\" id=\"primaryHeading-3-81f56b3\" role=\"heading\" aria-level=\"3\">\n                        <a href=\"#collapse-7206a326a9c21ff6129d\" class=\"ekit-accordion--toggler elementskit-btn-link collapsed\" role=\"button\" data-ekit-toggle=\"collapse\" data-target=\"#Collapse-7206a326a9c21ff6129d\" aria-expanded=\"false\" aria-controls=\"Collapse-7206a326a9c21ff6129d\">\n                            \n                            <span class=\"ekit-accordion-title\">\u00bfLa 10K forma parte de la Media Marat\u00f3n?<\/span>\n\n                            \n                                <div class=\"ekit_accordion_icon_group\">\n                                    <div class=\"ekit_accordion_normal_icon\">\n                                        <!-- Normal Icon -->\n\t\t\t\t\t\t\t\t\t\t<i class=\"icon icon-plus\"><\/i>                                    <\/div>\n\n                                    <div class=\"ekit_accordion_active_icon\">\n                                        <!-- Active Icon -->\n\t\t\t\t\t\t\t\t\t\t<i class=\"icon icon-minus\"><\/i>                                    <\/div>\n                                <\/div>\n\n                            \n                                                    <\/a>\n                    <\/div>\n\n                    <div id=\"Collapse-7206a326a9c21ff6129d\" class=\" collapse\" role=\"region\" aria-labelledby=\"primaryHeading-3-81f56b3\" data-parent=\"#accordion-6a9c21ff6129d\">\n\n                        <div class=\"elementskit-card-body ekit-accordion--content\">\n                            <p>S\u00ed. La 10K se celebra dentro del evento de la Media Marat\u00f3n de Elche. Comparte salida, post-meta y los primeros kil\u00f3metros del recorrido de la Media Marat\u00f3n, lo que permite vivir el ambiente de una gran carrera hist\u00f3rica en una distancia m\u00e1s accesible.<\/p>                        <\/div>\n\n                    <\/div>\n\n                <\/div><!-- .elementskit-card END -->\n\n                                                        <script type=\"application\/ld+json\">{\"@context\":\"https:\/\/schema.org\",\"@type\":\"FAQPage\",\"mainEntity\":[{\"@type\":\"Question\",\"name\":\"\u00bfQu\u00e9 distancias puedo correr?\",\"acceptedAnswer\":{\"@type\":\"Answer\",\"text\":\"<p>Puedes elegir entre dos distancias: la Media Marat\u00f3n de 21,097 km y la 10K de 10.000 metros. Ambas pruebas cuentan con recorrido homologado y est\u00e1n supervisadas por la Real Federaci\u00f3n Espa\u00f1ola de Atletismo.<\/p>\"}},{\"@type\":\"Question\",\"name\":\"\u00bfCu\u00e1ndo se celebra la pr\u00f3xima edici\u00f3n?\",\"acceptedAnswer\":{\"@type\":\"Answer\",\"text\":\"<p>La pr\u00f3xima edici\u00f3n de la Media Marat\u00f3n de Elche se celebrar\u00e1 el 11 de abril de 2027, con salida prevista a las 9:00 h. La prueba contar\u00e1 con salida unificada para 21K y 10K, organizada por ritmos para facilitar una salida fluida.<\/p>\"}},{\"@type\":\"Question\",\"name\":\"\u00bfD\u00f3nde est\u00e1 la salida y la meta?\",\"acceptedAnswer\":{\"@type\":\"Answer\",\"text\":\"<p>La salida y la meta se ubican junto a la estaci\u00f3n de tren Elche Parque, en pleno entorno urbano de Elche. Desde all\u00ed, la carrera recorre la ciudad y parte del Palmeral hist\u00f3rico.<\/p>\"}},{\"@type\":\"Question\",\"name\":\"\u00bfLa 10K forma parte de la Media Marat\u00f3n?\",\"acceptedAnswer\":{\"@type\":\"Answer\",\"text\":\"<p>S\u00ed. La 10K se celebra dentro del evento de la Media Marat\u00f3n de Elche. Comparte salida, post-meta y los primeros kil\u00f3metros del recorrido de la Media Marat\u00f3n, lo que permite vivir el ambiente de una gran carrera hist\u00f3rica en una distancia m\u00e1s accesible.<\/p>\"}}]}<\/script>\n                                <\/div>\n    <\/div>\t\t\t\t<\/div>\n\t\t\t\t<\/div>\n\t\t<div class=\"elementor-element elementor-element-535da5b e-con-full e-flex e-con e-child\" data-id=\"535da5b\" data-element_type=\"container\" data-e-type=\"container\">\n\t\t\t\t<div class=\"elementor-element elementor-element-ef1740c elementor-position-inline-start elementor-view-default elementor-mobile-position-block-start elementor-widget elementor-widget-icon-box\" data-id=\"ef1740c\" data-element_type=\"widget\" data-e-type=\"widget\" data-widget_type=\"icon-box.default\">\n\t\t\t\t\t\t\t<div class=\"elementor-icon-box-wrapper\">\n\n\t\t\t\t\t\t<div class=\"elementor-icon-box-icon\">\n\t\t\t\t<span  class=\"elementor-icon\">\n\t\t\t\t<svg aria-hidden=\"true\" class=\"e-font-icon-svg e-fas-caret-right\" viewBox=\"0 0 192 512\" xmlns=\"http:\/\/www.w3.org\/2000\/svg\"><path d=\"M0 384.662V127.338c0-17.818 21.543-26.741 34.142-14.142l128.662 128.662c7.81 7.81 7.81 20.474 0 28.284L34.142 398.804C21.543 411.404 0 402.48 0 384.662z\"><\/path><\/svg>\t\t\t\t<\/span>\n\t\t\t<\/div>\n\t\t\t\n\t\t\t\t\t\t<div class=\"elementor-icon-box-content\">\n\n\t\t\t\t\t\t\t\t\t<h3 class=\"elementor-icon-box-title\">\n\t\t\t\t\t\t<span  >\n\t\t\t\t\t\t\tInscripciones y participaci\u00f3n\t\t\t\t\t\t<\/span>\n\t\t\t\t\t<\/h3>\n\t\t\t\t\n\t\t\t\t\n\t\t\t<\/div>\n\t\t\t\n\t\t<\/div>\n\t\t\t\t\t\t<\/div>\n\t\t\t\t<div class=\"elementor-element elementor-element-428f86e animated-slow elementor-invisible elementor-widget elementor-widget-elementskit-accordion\" data-id=\"428f86e\" data-element_type=\"widget\" data-e-type=\"widget\" data-settings=\"{&quot;_animation&quot;:&quot;fadeInLeft&quot;}\" data-widget_type=\"elementskit-accordion.default\">\n\t\t\t\t\t<div class=\"ekit-wid-con\" >\n        <div class=\"elementskit-accordion accoedion-primary\" id=\"accordion-6a9c21ff62ae8\">\n\n            \n                <div class=\"elementskit-card \">\n                    <div class=\"elementskit-card-header\" id=\"primaryHeading-0-428f86e\" role=\"heading\" aria-level=\"3\">\n                        <a href=\"#collapse-0e7ef106a9c21ff62ae8\" class=\"ekit-accordion--toggler elementskit-btn-link collapsed\" role=\"button\" data-ekit-toggle=\"collapse\" data-target=\"#Collapse-0e7ef106a9c21ff62ae8\" aria-expanded=\"false\" aria-controls=\"Collapse-0e7ef106a9c21ff62ae8\">\n                            \n                            <span class=\"ekit-accordion-title\">\u00bfQui\u00e9n puede participar en la Media Marat\u00f3n 21K?<\/span>\n\n                            \n                                <div class=\"ekit_accordion_icon_group\">\n                                    <div class=\"ekit_accordion_normal_icon\">\n                                        <!-- Normal Icon -->\n\t\t\t\t\t\t\t\t\t\t<i class=\"icon icon-plus\"><\/i>                                    <\/div>\n\n                                    <div class=\"ekit_accordion_active_icon\">\n                                        <!-- Active Icon -->\n\t\t\t\t\t\t\t\t\t\t<i class=\"icon icon-minus\"><\/i>                                    <\/div>\n                                <\/div>\n\n                            \n                                                    <\/a>\n                    <\/div>\n\n                    <div id=\"Collapse-0e7ef106a9c21ff62ae8\" class=\" collapse\" role=\"region\" aria-labelledby=\"primaryHeading-0-428f86e\" data-parent=\"#accordion-6a9c21ff62ae8\">\n\n                        <div class=\"elementskit-card-body ekit-accordion--content\">\n                            <p>Puede participar cualquier persona, federada o no, que tenga 18 a\u00f1os cumplidos el d\u00eda de la prueba y est\u00e9 preparada f\u00edsicamente para completar la distancia.<\/p>                        <\/div>\n\n                    <\/div>\n\n                <\/div><!-- .elementskit-card END -->\n\n                \n                <div class=\"elementskit-card \">\n                    <div class=\"elementskit-card-header\" id=\"primaryHeading-1-428f86e\" role=\"heading\" aria-level=\"3\">\n                        <a href=\"#collapse-f3491b16a9c21ff62ae8\" class=\"ekit-accordion--toggler elementskit-btn-link collapsed\" role=\"button\" data-ekit-toggle=\"collapse\" data-target=\"#Collapse-f3491b16a9c21ff62ae8\" aria-expanded=\"false\" aria-controls=\"Collapse-f3491b16a9c21ff62ae8\">\n                            \n                            <span class=\"ekit-accordion-title\">\u00bfQui\u00e9n puede participar en la 10K?<\/span>\n\n                            \n                                <div class=\"ekit_accordion_icon_group\">\n                                    <div class=\"ekit_accordion_normal_icon\">\n                                        <!-- Normal Icon -->\n\t\t\t\t\t\t\t\t\t\t<i class=\"icon icon-plus\"><\/i>                                    <\/div>\n\n                                    <div class=\"ekit_accordion_active_icon\">\n                                        <!-- Active Icon -->\n\t\t\t\t\t\t\t\t\t\t<i class=\"icon icon-minus\"><\/i>                                    <\/div>\n                                <\/div>\n\n                            \n                                                    <\/a>\n                    <\/div>\n\n                    <div id=\"Collapse-f3491b16a9c21ff62ae8\" class=\" collapse\" role=\"region\" aria-labelledby=\"primaryHeading-1-428f86e\" data-parent=\"#accordion-6a9c21ff62ae8\">\n\n                        <div class=\"elementskit-card-body ekit-accordion--content\">\n                            <p>En la 10K pueden participar corredores y corredoras desde los 16 a\u00f1os cumplidos el d\u00eda de la prueba. En el caso de menores de edad, deber\u00e1n acudir a la recogida del dorsal acompa\u00f1ados por su padre, madre o tutor legal para firmar la autorizaci\u00f3n correspondiente.<\/p>                        <\/div>\n\n                    <\/div>\n\n                <\/div><!-- .elementskit-card END -->\n\n                \n                <div class=\"elementskit-card \">\n                    <div class=\"elementskit-card-header\" id=\"primaryHeading-2-428f86e\" role=\"heading\" aria-level=\"3\">\n                        <a href=\"#collapse-d5019aa6a9c21ff62ae8\" class=\"ekit-accordion--toggler elementskit-btn-link collapsed\" role=\"button\" data-ekit-toggle=\"collapse\" data-target=\"#Collapse-d5019aa6a9c21ff62ae8\" aria-expanded=\"false\" aria-controls=\"Collapse-d5019aa6a9c21ff62ae8\">\n                            \n                            <span class=\"ekit-accordion-title\">\u00bfTengo que estar federado para correr?<\/span>\n\n                            \n                                <div class=\"ekit_accordion_icon_group\">\n                                    <div class=\"ekit_accordion_normal_icon\">\n                                        <!-- Normal Icon -->\n\t\t\t\t\t\t\t\t\t\t<i class=\"icon icon-plus\"><\/i>                                    <\/div>\n\n                                    <div class=\"ekit_accordion_active_icon\">\n                                        <!-- Active Icon -->\n\t\t\t\t\t\t\t\t\t\t<i class=\"icon icon-minus\"><\/i>                                    <\/div>\n                                <\/div>\n\n                            \n                                                    <\/a>\n                    <\/div>\n\n                    <div id=\"Collapse-d5019aa6a9c21ff62ae8\" class=\" collapse\" role=\"region\" aria-labelledby=\"primaryHeading-2-428f86e\" data-parent=\"#accordion-6a9c21ff62ae8\">\n\n                        <div class=\"elementskit-card-body ekit-accordion--content\">\n                            <p>No es necesario estar federado para participar. Los corredores no federados deber\u00e1n contratar la licencia federativa de un d\u00eda, obligatoria para las pruebas supervisadas por la Real Federaci\u00f3n Espa\u00f1ola de Atletismo. En la informaci\u00f3n de inscripci\u00f3n de la edici\u00f3n 2027 se indica un coste adicional de 4 \u20ac para corredores no federados.<\/p>                        <\/div>\n\n                    <\/div>\n\n                <\/div><!-- .elementskit-card END -->\n\n                \n                <div class=\"elementskit-card \">\n                    <div class=\"elementskit-card-header\" id=\"primaryHeading-3-428f86e\" role=\"heading\" aria-level=\"3\">\n                        <a href=\"#collapse-7206a326a9c21ff62ae8\" class=\"ekit-accordion--toggler elementskit-btn-link collapsed\" role=\"button\" data-ekit-toggle=\"collapse\" data-target=\"#Collapse-7206a326a9c21ff62ae8\" aria-expanded=\"false\" aria-controls=\"Collapse-7206a326a9c21ff62ae8\">\n                            \n                            <span class=\"ekit-accordion-title\">\u00bfPuedo cambiar mi inscripci\u00f3n de nombre si finalmente no puedo correr?<\/span>\n\n                            \n                                <div class=\"ekit_accordion_icon_group\">\n                                    <div class=\"ekit_accordion_normal_icon\">\n                                        <!-- Normal Icon -->\n\t\t\t\t\t\t\t\t\t\t<i class=\"icon icon-plus\"><\/i>                                    <\/div>\n\n                                    <div class=\"ekit_accordion_active_icon\">\n                                        <!-- Active Icon -->\n\t\t\t\t\t\t\t\t\t\t<i class=\"icon icon-minus\"><\/i>                                    <\/div>\n                                <\/div>\n\n                            \n                                                    <\/a>\n                    <\/div>\n\n                    <div id=\"Collapse-7206a326a9c21ff62ae8\" class=\" collapse\" role=\"region\" aria-labelledby=\"primaryHeading-3-428f86e\" data-parent=\"#accordion-6a9c21ff62ae8\">\n\n                        <div class=\"elementskit-card-body ekit-accordion--content\">\n                            <p>S\u00ed, pero solo mediante el procedimiento oficial habilitado por la organizaci\u00f3n. No est\u00e1 permitido ceder, vender o utilizar un dorsal de otra persona sin autorizaci\u00f3n. Recomendamos leer y descargar el reglamento de cada carrera.<\/p>                        <\/div>\n\n                    <\/div>\n\n                <\/div><!-- .elementskit-card END -->\n\n                \n                <div class=\"elementskit-card \">\n                    <div class=\"elementskit-card-header\" id=\"primaryHeading-4-428f86e\" role=\"heading\" aria-level=\"3\">\n                        <a href=\"#collapse-12ebdba6a9c21ff62ae8\" class=\"ekit-accordion--toggler elementskit-btn-link collapsed\" role=\"button\" data-ekit-toggle=\"collapse\" data-target=\"#Collapse-12ebdba6a9c21ff62ae8\" aria-expanded=\"false\" aria-controls=\"Collapse-12ebdba6a9c21ff62ae8\">\n                            \n                            <span class=\"ekit-accordion-title\">\u00bfPuedo correr con el dorsal de otra persona?<\/span>\n\n                            \n                                <div class=\"ekit_accordion_icon_group\">\n                                    <div class=\"ekit_accordion_normal_icon\">\n                                        <!-- Normal Icon -->\n\t\t\t\t\t\t\t\t\t\t<i class=\"icon icon-plus\"><\/i>                                    <\/div>\n\n                                    <div class=\"ekit_accordion_active_icon\">\n                                        <!-- Active Icon -->\n\t\t\t\t\t\t\t\t\t\t<i class=\"icon icon-minus\"><\/i>                                    <\/div>\n                                <\/div>\n\n                            \n                                                    <\/a>\n                    <\/div>\n\n                    <div id=\"Collapse-12ebdba6a9c21ff62ae8\" class=\" collapse\" role=\"region\" aria-labelledby=\"primaryHeading-4-428f86e\" data-parent=\"#accordion-6a9c21ff62ae8\">\n\n                        <div class=\"elementskit-card-body ekit-accordion--content\">\n                            <p>No. El dorsal es personal e intransferible. Correr con un dorsal de otra persona, manipulado, falsificado o no oficial puede suponer la expulsi\u00f3n de la prueba, la descalificaci\u00f3n y sanciones para futuras ediciones. Si deseas cambiar de titular tu dorsal, consulta en tu perfil de ChipLevante.<\/p>                        <\/div>\n\n                    <\/div>\n\n                <\/div><!-- .elementskit-card END -->\n\n                                                        <script type=\"application\/ld+json\">{\"@context\":\"https:\/\/schema.org\",\"@type\":\"FAQPage\",\"mainEntity\":[{\"@type\":\"Question\",\"name\":\"\u00bfQui\u00e9n puede participar en la Media Marat\u00f3n 21K?\",\"acceptedAnswer\":{\"@type\":\"Answer\",\"text\":\"<p>Puede participar cualquier persona, federada o no, que tenga 18 a\u00f1os cumplidos el d\u00eda de la prueba y est\u00e9 preparada f\u00edsicamente para completar la distancia.<\/p>\"}},{\"@type\":\"Question\",\"name\":\"\u00bfQui\u00e9n puede participar en la 10K?\",\"acceptedAnswer\":{\"@type\":\"Answer\",\"text\":\"<p>En la 10K pueden participar corredores y corredoras desde los 16 a\u00f1os cumplidos el d\u00eda de la prueba. En el caso de menores de edad, deber\u00e1n acudir a la recogida del dorsal acompa\u00f1ados por su padre, madre o tutor legal para firmar la autorizaci\u00f3n correspondiente.<\/p>\"}},{\"@type\":\"Question\",\"name\":\"\u00bfTengo que estar federado para correr?\",\"acceptedAnswer\":{\"@type\":\"Answer\",\"text\":\"<p>No es necesario estar federado para participar. Los corredores no federados deber\u00e1n contratar la licencia federativa de un d\u00eda, obligatoria para las pruebas supervisadas por la Real Federaci\u00f3n Espa\u00f1ola de Atletismo. En la informaci\u00f3n de inscripci\u00f3n de la edici\u00f3n 2027 se indica un coste adicional de 4 \u20ac para corredores no federados.<\/p>\"}},{\"@type\":\"Question\",\"name\":\"\u00bfPuedo cambiar mi inscripci\u00f3n de nombre si finalmente no puedo correr?\",\"acceptedAnswer\":{\"@type\":\"Answer\",\"text\":\"<p>S\u00ed, pero solo mediante el procedimiento oficial habilitado por la organizaci\u00f3n. No est\u00e1 permitido ceder, vender o utilizar un dorsal de otra persona sin autorizaci\u00f3n. Recomendamos leer y descargar el reglamento de cada carrera.<\/p>\"}},{\"@type\":\"Question\",\"name\":\"\u00bfPuedo correr con el dorsal de otra persona?\",\"acceptedAnswer\":{\"@type\":\"Answer\",\"text\":\"<p>No. El dorsal es personal e intransferible. Correr con un dorsal de otra persona, manipulado, falsificado o no oficial puede suponer la expulsi\u00f3n de la prueba, la descalificaci\u00f3n y sanciones para futuras ediciones. Si deseas cambiar de titular tu dorsal, consulta en tu perfil de ChipLevante.<\/p>\"}}]}<\/script>\n                                <\/div>\n    <\/div>\t\t\t\t<\/div>\n\t\t\t\t<\/div>\n\t\t\t\t<\/div>\n\t\t\t\t\t<\/div>\n\t\t\t\t<\/div>\n\t\t<div class=\"elementor-element elementor-element-ef25036 e-flex e-con-boxed e-con e-parent\" data-id=\"ef25036\" data-element_type=\"container\" data-e-type=\"container\" data-settings=\"{&quot;background_background&quot;:&quot;gradient&quot;}\">\n\t\t\t\t\t<div class=\"e-con-inner\">\n\t\t<div class=\"elementor-element elementor-element-7b96ba3 e-con-full e-flex e-con e-child\" data-id=\"7b96ba3\" data-element_type=\"container\" data-e-type=\"container\">\n\t\t<div class=\"elementor-element elementor-element-c1702e4 e-con-full e-flex e-con e-child\" data-id=\"c1702e4\" data-element_type=\"container\" data-e-type=\"container\">\n\t\t\t\t<div class=\"elementor-element elementor-element-90edce2 elementor-position-inline-start elementor-view-default elementor-mobile-position-block-start elementor-widget elementor-widget-icon-box\" data-id=\"90edce2\" data-element_type=\"widget\" data-e-type=\"widget\" data-widget_type=\"icon-box.default\">\n\t\t\t\t\t\t\t<div class=\"elementor-icon-box-wrapper\">\n\n\t\t\t\t\t\t<div class=\"elementor-icon-box-icon\">\n\t\t\t\t<span  class=\"elementor-icon\">\n\t\t\t\t<svg aria-hidden=\"true\" class=\"e-font-icon-svg e-fas-caret-right\" viewBox=\"0 0 192 512\" xmlns=\"http:\/\/www.w3.org\/2000\/svg\"><path d=\"M0 384.662V127.338c0-17.818 21.543-26.741 34.142-14.142l128.662 128.662c7.81 7.81 7.81 20.474 0 28.284L34.142 398.804C21.543 411.404 0 402.48 0 384.662z\"><\/path><\/svg>\t\t\t\t<\/span>\n\t\t\t<\/div>\n\t\t\t\n\t\t\t\t\t\t<div class=\"elementor-icon-box-content\">\n\n\t\t\t\t\t\t\t\t\t<h3 class=\"elementor-icon-box-title\">\n\t\t\t\t\t\t<span  >\n\t\t\t\t\t\t\tDorsales, cajones y salida\t\t\t\t\t\t<\/span>\n\t\t\t\t\t<\/h3>\n\t\t\t\t\n\t\t\t\t\n\t\t\t<\/div>\n\t\t\t\n\t\t<\/div>\n\t\t\t\t\t\t<\/div>\n\t\t\t\t<div class=\"elementor-element elementor-element-b97f136 animated-slow elementor-invisible elementor-widget elementor-widget-elementskit-accordion\" data-id=\"b97f136\" data-element_type=\"widget\" data-e-type=\"widget\" data-settings=\"{&quot;_animation&quot;:&quot;fadeInLeft&quot;}\" data-widget_type=\"elementskit-accordion.default\">\n\t\t\t\t\t<div class=\"ekit-wid-con\" >\n        <div class=\"elementskit-accordion accoedion-primary\" id=\"accordion-6a9c21ff6536b\">\n\n            \n                <div class=\"elementskit-card \">\n                    <div class=\"elementskit-card-header\" id=\"primaryHeading-0-b97f136\" role=\"heading\" aria-level=\"3\">\n                        <a href=\"#collapse-0e7ef106a9c21ff6536b\" class=\"ekit-accordion--toggler elementskit-btn-link collapsed\" role=\"button\" data-ekit-toggle=\"collapse\" data-target=\"#Collapse-0e7ef106a9c21ff6536b\" aria-expanded=\"false\" aria-controls=\"Collapse-0e7ef106a9c21ff6536b\">\n                            \n                            <span class=\"ekit-accordion-title\">\u00bfC\u00f3mo se asignan los cajones de salida?<\/span>\n\n                            \n                                <div class=\"ekit_accordion_icon_group\">\n                                    <div class=\"ekit_accordion_normal_icon\">\n                                        <!-- Normal Icon -->\n\t\t\t\t\t\t\t\t\t\t<i class=\"icon icon-plus\"><\/i>                                    <\/div>\n\n                                    <div class=\"ekit_accordion_active_icon\">\n                                        <!-- Active Icon -->\n\t\t\t\t\t\t\t\t\t\t<i class=\"icon icon-minus\"><\/i>                                    <\/div>\n                                <\/div>\n\n                            \n                                                    <\/a>\n                    <\/div>\n\n                    <div id=\"Collapse-0e7ef106a9c21ff6536b\" class=\" collapse\" role=\"region\" aria-labelledby=\"primaryHeading-0-b97f136\" data-parent=\"#accordion-6a9c21ff6536b\">\n\n                        <div class=\"elementskit-card-body ekit-accordion--content\">\n                            <p>Durante la inscripci\u00f3n se solicitar\u00e1 un tiempo o ritmo previsto. Ese dato sirve para asignar el caj\u00f3n de salida correspondiente y facilitar una carrera m\u00e1s c\u00f3moda, segura y ordenada para todos los participantes.<\/p><p><strong>\u00a0<\/strong><\/p><p>En la 21K, el reglamento establece cajones por marcas previstas. En la 10K, los boxes tambi\u00e9n se organizan por tiempos estimados: menos de 36 minutos, de 36 a 42 minutos, de 43 a 50 minutos y de 51 minutos en adelante.<\/p>                        <\/div>\n\n                    <\/div>\n\n                <\/div><!-- .elementskit-card END -->\n\n                \n                <div class=\"elementskit-card \">\n                    <div class=\"elementskit-card-header\" id=\"primaryHeading-1-b97f136\" role=\"heading\" aria-level=\"3\">\n                        <a href=\"#collapse-f3491b16a9c21ff6536b\" class=\"ekit-accordion--toggler elementskit-btn-link collapsed\" role=\"button\" data-ekit-toggle=\"collapse\" data-target=\"#Collapse-f3491b16a9c21ff6536b\" aria-expanded=\"false\" aria-controls=\"Collapse-f3491b16a9c21ff6536b\">\n                            \n                            <span class=\"ekit-accordion-title\">\u00bfPuedo cambiar de caj\u00f3n?<\/span>\n\n                            \n                                <div class=\"ekit_accordion_icon_group\">\n                                    <div class=\"ekit_accordion_normal_icon\">\n                                        <!-- Normal Icon -->\n\t\t\t\t\t\t\t\t\t\t<i class=\"icon icon-plus\"><\/i>                                    <\/div>\n\n                                    <div class=\"ekit_accordion_active_icon\">\n                                        <!-- Active Icon -->\n\t\t\t\t\t\t\t\t\t\t<i class=\"icon icon-minus\"><\/i>                                    <\/div>\n                                <\/div>\n\n                            \n                                                    <\/a>\n                    <\/div>\n\n                    <div id=\"Collapse-f3491b16a9c21ff6536b\" class=\" collapse\" role=\"region\" aria-labelledby=\"primaryHeading-1-b97f136\" data-parent=\"#accordion-6a9c21ff6536b\">\n\n                        <div class=\"elementskit-card-body ekit-accordion--content\">\n                            <p>El cambio de box puede solicitarse si la capacidad del caj\u00f3n lo permite y, en algunos casos, si se acredita una mejora de marca posterior a la inscripci\u00f3n. La organizaci\u00f3n se reserva la posibilidad de modificar la metodolog\u00eda de cambio. Consulta tu caso en inscripciones@mediaelche.es<\/p>                        <\/div>\n\n                    <\/div>\n\n                <\/div><!-- .elementskit-card END -->\n\n                \n                <div class=\"elementskit-card \">\n                    <div class=\"elementskit-card-header\" id=\"primaryHeading-2-b97f136\" role=\"heading\" aria-level=\"3\">\n                        <a href=\"#collapse-d5019aa6a9c21ff6536b\" class=\"ekit-accordion--toggler elementskit-btn-link collapsed\" role=\"button\" data-ekit-toggle=\"collapse\" data-target=\"#Collapse-d5019aa6a9c21ff6536b\" aria-expanded=\"false\" aria-controls=\"Collapse-d5019aa6a9c21ff6536b\">\n                            \n                            <span class=\"ekit-accordion-title\">\u00bfD\u00f3nde se recoge el dorsal?<\/span>\n\n                            \n                                <div class=\"ekit_accordion_icon_group\">\n                                    <div class=\"ekit_accordion_normal_icon\">\n                                        <!-- Normal Icon -->\n\t\t\t\t\t\t\t\t\t\t<i class=\"icon icon-plus\"><\/i>                                    <\/div>\n\n                                    <div class=\"ekit_accordion_active_icon\">\n                                        <!-- Active Icon -->\n\t\t\t\t\t\t\t\t\t\t<i class=\"icon icon-minus\"><\/i>                                    <\/div>\n                                <\/div>\n\n                            \n                                                    <\/a>\n                    <\/div>\n\n                    <div id=\"Collapse-d5019aa6a9c21ff6536b\" class=\" collapse\" role=\"region\" aria-labelledby=\"primaryHeading-2-b97f136\" data-parent=\"#accordion-6a9c21ff6536b\">\n\n                        <div class=\"elementskit-card-body ekit-accordion--content\">\n                            <p>La entrega de dorsales y la bolsa del corredor se realiza en la Feria del Corredor. Tambi\u00e9n puede habilitarse una recogida el d\u00eda de la prueba hasta una hora antes del inicio, aunque la organizaci\u00f3n recomienda recogerlo previamente para evitar esperas y desplazamientos de \u00faltima hora.<\/p>                        <\/div>\n\n                    <\/div>\n\n                <\/div><!-- .elementskit-card END -->\n\n                \n                <div class=\"elementskit-card \">\n                    <div class=\"elementskit-card-header\" id=\"primaryHeading-3-b97f136\" role=\"heading\" aria-level=\"3\">\n                        <a href=\"#collapse-7206a326a9c21ff6536b\" class=\"ekit-accordion--toggler elementskit-btn-link collapsed\" role=\"button\" data-ekit-toggle=\"collapse\" data-target=\"#Collapse-7206a326a9c21ff6536b\" aria-expanded=\"false\" aria-controls=\"Collapse-7206a326a9c21ff6536b\">\n                            \n                            <span class=\"ekit-accordion-title\">\u00bfPuede recoger mi dorsal otra persona?<\/span>\n\n                            \n                                <div class=\"ekit_accordion_icon_group\">\n                                    <div class=\"ekit_accordion_normal_icon\">\n                                        <!-- Normal Icon -->\n\t\t\t\t\t\t\t\t\t\t<i class=\"icon icon-plus\"><\/i>                                    <\/div>\n\n                                    <div class=\"ekit_accordion_active_icon\">\n                                        <!-- Active Icon -->\n\t\t\t\t\t\t\t\t\t\t<i class=\"icon icon-minus\"><\/i>                                    <\/div>\n                                <\/div>\n\n                            \n                                                    <\/a>\n                    <\/div>\n\n                    <div id=\"Collapse-7206a326a9c21ff6536b\" class=\" collapse\" role=\"region\" aria-labelledby=\"primaryHeading-3-b97f136\" data-parent=\"#accordion-6a9c21ff6536b\">\n\n                        <div class=\"elementskit-card-body ekit-accordion--content\">\n                            <p>S\u00ed, siempre que se siga el procedimiento de autorizaci\u00f3n indicado por la organizaci\u00f3n. Para la recogida del dorsal ser\u00e1 necesario presentar la documentaci\u00f3n requerida, el certificado de inscripci\u00f3n y el c\u00f3digo QR que se env\u00eda por correo electr\u00f3nico antes de la prueba.<\/p>                        <\/div>\n\n                    <\/div>\n\n                <\/div><!-- .elementskit-card END -->\n\n                                                        <script type=\"application\/ld+json\">{\"@context\":\"https:\/\/schema.org\",\"@type\":\"FAQPage\",\"mainEntity\":[{\"@type\":\"Question\",\"name\":\"\u00bfC\u00f3mo se asignan los cajones de salida?\",\"acceptedAnswer\":{\"@type\":\"Answer\",\"text\":\"<p>Durante la inscripci\u00f3n se solicitar\u00e1 un tiempo o ritmo previsto. Ese dato sirve para asignar el caj\u00f3n de salida correspondiente y facilitar una carrera m\u00e1s c\u00f3moda, segura y ordenada para todos los participantes.<\/p><p><strong>\u00a0<\/strong><\/p><p>En la 21K, el reglamento establece cajones por marcas previstas. En la 10K, los boxes tambi\u00e9n se organizan por tiempos estimados: menos de 36 minutos, de 36 a 42 minutos, de 43 a 50 minutos y de 51 minutos en adelante.<\/p>\"}},{\"@type\":\"Question\",\"name\":\"\u00bfPuedo cambiar de caj\u00f3n?\",\"acceptedAnswer\":{\"@type\":\"Answer\",\"text\":\"<p>El cambio de box puede solicitarse si la capacidad del caj\u00f3n lo permite y, en algunos casos, si se acredita una mejora de marca posterior a la inscripci\u00f3n. La organizaci\u00f3n se reserva la posibilidad de modificar la metodolog\u00eda de cambio. Consulta tu caso en inscripciones@mediaelche.es<\/p>\"}},{\"@type\":\"Question\",\"name\":\"\u00bfD\u00f3nde se recoge el dorsal?\",\"acceptedAnswer\":{\"@type\":\"Answer\",\"text\":\"<p>La entrega de dorsales y la bolsa del corredor se realiza en la Feria del Corredor. Tambi\u00e9n puede habilitarse una recogida el d\u00eda de la prueba hasta una hora antes del inicio, aunque la organizaci\u00f3n recomienda recogerlo previamente para evitar esperas y desplazamientos de \u00faltima hora.<\/p>\"}},{\"@type\":\"Question\",\"name\":\"\u00bfPuede recoger mi dorsal otra persona?\",\"acceptedAnswer\":{\"@type\":\"Answer\",\"text\":\"<p>S\u00ed, siempre que se siga el procedimiento de autorizaci\u00f3n indicado por la organizaci\u00f3n. Para la recogida del dorsal ser\u00e1 necesario presentar la documentaci\u00f3n requerida, el certificado de inscripci\u00f3n y el c\u00f3digo QR que se env\u00eda por correo electr\u00f3nico antes de la prueba.<\/p>\"}}]}<\/script>\n                                <\/div>\n    <\/div>\t\t\t\t<\/div>\n\t\t\t\t<\/div>\n\t\t<div class=\"elementor-element elementor-element-4ad8d4e e-con-full e-flex e-con e-child\" data-id=\"4ad8d4e\" data-element_type=\"container\" data-e-type=\"container\">\n\t\t\t\t<div class=\"elementor-element elementor-element-482589c elementor-position-inline-start elementor-view-default elementor-mobile-position-block-start elementor-widget elementor-widget-icon-box\" data-id=\"482589c\" data-element_type=\"widget\" data-e-type=\"widget\" data-widget_type=\"icon-box.default\">\n\t\t\t\t\t\t\t<div class=\"elementor-icon-box-wrapper\">\n\n\t\t\t\t\t\t<div class=\"elementor-icon-box-icon\">\n\t\t\t\t<span  class=\"elementor-icon\">\n\t\t\t\t<svg aria-hidden=\"true\" class=\"e-font-icon-svg e-fas-caret-right\" viewBox=\"0 0 192 512\" xmlns=\"http:\/\/www.w3.org\/2000\/svg\"><path d=\"M0 384.662V127.338c0-17.818 21.543-26.741 34.142-14.142l128.662 128.662c7.81 7.81 7.81 20.474 0 28.284L34.142 398.804C21.543 411.404 0 402.48 0 384.662z\"><\/path><\/svg>\t\t\t\t<\/span>\n\t\t\t<\/div>\n\t\t\t\n\t\t\t\t\t\t<div class=\"elementor-icon-box-content\">\n\n\t\t\t\t\t\t\t\t\t<h3 class=\"elementor-icon-box-title\">\n\t\t\t\t\t\t<span  >\n\t\t\t\t\t\t\tRecorrido, tiempos y servicios\t\t\t\t\t\t<\/span>\n\t\t\t\t\t<\/h3>\n\t\t\t\t\n\t\t\t\t\n\t\t\t<\/div>\n\t\t\t\n\t\t<\/div>\n\t\t\t\t\t\t<\/div>\n\t\t\t\t<div class=\"elementor-element elementor-element-e090464 animated-slow elementor-invisible elementor-widget elementor-widget-elementskit-accordion\" data-id=\"e090464\" data-element_type=\"widget\" data-e-type=\"widget\" data-settings=\"{&quot;_animation&quot;:&quot;fadeInLeft&quot;}\" data-widget_type=\"elementskit-accordion.default\">\n\t\t\t\t\t<div class=\"ekit-wid-con\" >\n        <div class=\"elementskit-accordion accoedion-primary\" id=\"accordion-6a9c21ff66981\">\n\n            \n                <div class=\"elementskit-card \">\n                    <div class=\"elementskit-card-header\" id=\"primaryHeading-0-e090464\" role=\"heading\" aria-level=\"3\">\n                        <a href=\"#collapse-0e7ef106a9c21ff66981\" class=\"ekit-accordion--toggler elementskit-btn-link collapsed\" role=\"button\" data-ekit-toggle=\"collapse\" data-target=\"#Collapse-0e7ef106a9c21ff66981\" aria-expanded=\"false\" aria-controls=\"Collapse-0e7ef106a9c21ff66981\">\n                            \n                            <span class=\"ekit-accordion-title\">\u00bfEl recorrido est\u00e1 homologado?<\/span>\n\n                            \n                                <div class=\"ekit_accordion_icon_group\">\n                                    <div class=\"ekit_accordion_normal_icon\">\n                                        <!-- Normal Icon -->\n\t\t\t\t\t\t\t\t\t\t<i class=\"icon icon-plus\"><\/i>                                    <\/div>\n\n                                    <div class=\"ekit_accordion_active_icon\">\n                                        <!-- Active Icon -->\n\t\t\t\t\t\t\t\t\t\t<i class=\"icon icon-minus\"><\/i>                                    <\/div>\n                                <\/div>\n\n                            \n                                                    <\/a>\n                    <\/div>\n\n                    <div id=\"Collapse-0e7ef106a9c21ff66981\" class=\" collapse\" role=\"region\" aria-labelledby=\"primaryHeading-0-e090464\" data-parent=\"#accordion-6a9c21ff66981\">\n\n                        <div class=\"elementskit-card-body ekit-accordion--content\">\n                            <p>S\u00ed. Tanto la Media Marat\u00f3n como la 10K cuentan con recorridos homologados. Esto significa que las marcas obtenidas son oficiales y que la prueba est\u00e1 controlada por jueces de la Real Federaci\u00f3n Espa\u00f1ola de Atletismo.<\/p>                        <\/div>\n\n                    <\/div>\n\n                <\/div><!-- .elementskit-card END -->\n\n                \n                <div class=\"elementskit-card \">\n                    <div class=\"elementskit-card-header\" id=\"primaryHeading-1-e090464\" role=\"heading\" aria-level=\"3\">\n                        <a href=\"#collapse-f3491b16a9c21ff66981\" class=\"ekit-accordion--toggler elementskit-btn-link collapsed\" role=\"button\" data-ekit-toggle=\"collapse\" data-target=\"#Collapse-f3491b16a9c21ff66981\" aria-expanded=\"false\" aria-controls=\"Collapse-f3491b16a9c21ff66981\">\n                            \n                            <span class=\"ekit-accordion-title\">\u00bfCu\u00e1l es el tiempo m\u00e1ximo para completar la Media Marat\u00f3n?<\/span>\n\n                            \n                                <div class=\"ekit_accordion_icon_group\">\n                                    <div class=\"ekit_accordion_normal_icon\">\n                                        <!-- Normal Icon -->\n\t\t\t\t\t\t\t\t\t\t<i class=\"icon icon-plus\"><\/i>                                    <\/div>\n\n                                    <div class=\"ekit_accordion_active_icon\">\n                                        <!-- Active Icon -->\n\t\t\t\t\t\t\t\t\t\t<i class=\"icon icon-minus\"><\/i>                                    <\/div>\n                                <\/div>\n\n                            \n                                                    <\/a>\n                    <\/div>\n\n                    <div id=\"Collapse-f3491b16a9c21ff66981\" class=\" collapse\" role=\"region\" aria-labelledby=\"primaryHeading-1-e090464\" data-parent=\"#accordion-6a9c21ff66981\">\n\n                        <div class=\"elementskit-card-body ekit-accordion--content\">\n                            <p>El tiempo m\u00e1ximo oficial para finalizar la 21K es de 2 horas y 30 minutos. El reglamento establece controles de cierre en diferentes puntos kilom\u00e9tricos para garantizar la seguridad y la correcta organizaci\u00f3n de la carrera.<\/p>                        <\/div>\n\n                    <\/div>\n\n                <\/div><!-- .elementskit-card END -->\n\n                \n                <div class=\"elementskit-card \">\n                    <div class=\"elementskit-card-header\" id=\"primaryHeading-2-e090464\" role=\"heading\" aria-level=\"3\">\n                        <a href=\"#collapse-d5019aa6a9c21ff66981\" class=\"ekit-accordion--toggler elementskit-btn-link collapsed\" role=\"button\" data-ekit-toggle=\"collapse\" data-target=\"#Collapse-d5019aa6a9c21ff66981\" aria-expanded=\"false\" aria-controls=\"Collapse-d5019aa6a9c21ff66981\">\n                            \n                            <span class=\"ekit-accordion-title\">\u00bfHabr\u00e1 avituallamientos?<\/span>\n\n                            \n                                <div class=\"ekit_accordion_icon_group\">\n                                    <div class=\"ekit_accordion_normal_icon\">\n                                        <!-- Normal Icon -->\n\t\t\t\t\t\t\t\t\t\t<i class=\"icon icon-plus\"><\/i>                                    <\/div>\n\n                                    <div class=\"ekit_accordion_active_icon\">\n                                        <!-- Active Icon -->\n\t\t\t\t\t\t\t\t\t\t<i class=\"icon icon-minus\"><\/i>                                    <\/div>\n                                <\/div>\n\n                            \n                                                    <\/a>\n                    <\/div>\n\n                    <div id=\"Collapse-d5019aa6a9c21ff66981\" class=\" collapse\" role=\"region\" aria-labelledby=\"primaryHeading-2-e090464\" data-parent=\"#accordion-6a9c21ff66981\">\n\n                        <div class=\"elementskit-card-body ekit-accordion--content\">\n                            <p>S\u00ed. La Media Marat\u00f3n cuenta con avituallamientos durante el recorrido y en meta. La 10K dispone de un avituallamiento en el recorrido, adem\u00e1s de los servicios de salida\/meta establecidos por la organizaci\u00f3n.<\/p>                        <\/div>\n\n                    <\/div>\n\n                <\/div><!-- .elementskit-card END -->\n\n                \n                <div class=\"elementskit-card \">\n                    <div class=\"elementskit-card-header\" id=\"primaryHeading-3-e090464\" role=\"heading\" aria-level=\"3\">\n                        <a href=\"#collapse-7206a326a9c21ff66981\" class=\"ekit-accordion--toggler elementskit-btn-link collapsed\" role=\"button\" data-ekit-toggle=\"collapse\" data-target=\"#Collapse-7206a326a9c21ff66981\" aria-expanded=\"false\" aria-controls=\"Collapse-7206a326a9c21ff66981\">\n                            \n                            <span class=\"ekit-accordion-title\">\u00bfHabr\u00e1 servicios en la zona de meta?<\/span>\n\n                            \n                                <div class=\"ekit_accordion_icon_group\">\n                                    <div class=\"ekit_accordion_normal_icon\">\n                                        <!-- Normal Icon -->\n\t\t\t\t\t\t\t\t\t\t<i class=\"icon icon-plus\"><\/i>                                    <\/div>\n\n                                    <div class=\"ekit_accordion_active_icon\">\n                                        <!-- Active Icon -->\n\t\t\t\t\t\t\t\t\t\t<i class=\"icon icon-minus\"><\/i>                                    <\/div>\n                                <\/div>\n\n                            \n                                                    <\/a>\n                    <\/div>\n\n                    <div id=\"Collapse-7206a326a9c21ff66981\" class=\" collapse\" role=\"region\" aria-labelledby=\"primaryHeading-3-e090464\" data-parent=\"#accordion-6a9c21ff66981\">\n\n                        <div class=\"elementskit-card-body ekit-accordion--content\">\n                            <p>S\u00ed. La organizaci\u00f3n contempla servicios como zona m\u00e9dica, aseos, guardarropa, fisioterapia, punto de encuentro y otros espacios de atenci\u00f3n al corredor en el entorno de salida\/meta. Algunos servicios pueden variar seg\u00fan la edici\u00f3n y se confirmar\u00e1n en la informaci\u00f3n final para participantes.<\/p>                        <\/div>\n\n                    <\/div>\n\n                <\/div><!-- .elementskit-card END -->\n\n                                                        <script type=\"application\/ld+json\">{\"@context\":\"https:\/\/schema.org\",\"@type\":\"FAQPage\",\"mainEntity\":[{\"@type\":\"Question\",\"name\":\"\u00bfEl recorrido est\u00e1 homologado?\",\"acceptedAnswer\":{\"@type\":\"Answer\",\"text\":\"<p>S\u00ed. Tanto la Media Marat\u00f3n como la 10K cuentan con recorridos homologados. Esto significa que las marcas obtenidas son oficiales y que la prueba est\u00e1 controlada por jueces de la Real Federaci\u00f3n Espa\u00f1ola de Atletismo.<\/p>\"}},{\"@type\":\"Question\",\"name\":\"\u00bfCu\u00e1l es el tiempo m\u00e1ximo para completar la Media Marat\u00f3n?\",\"acceptedAnswer\":{\"@type\":\"Answer\",\"text\":\"<p>El tiempo m\u00e1ximo oficial para finalizar la 21K es de 2 horas y 30 minutos. El reglamento establece controles de cierre en diferentes puntos kilom\u00e9tricos para garantizar la seguridad y la correcta organizaci\u00f3n de la carrera.<\/p>\"}},{\"@type\":\"Question\",\"name\":\"\u00bfHabr\u00e1 avituallamientos?\",\"acceptedAnswer\":{\"@type\":\"Answer\",\"text\":\"<p>S\u00ed. La Media Marat\u00f3n cuenta con avituallamientos durante el recorrido y en meta. La 10K dispone de un avituallamiento en el recorrido, adem\u00e1s de los servicios de salida\/meta establecidos por la organizaci\u00f3n.<\/p>\"}},{\"@type\":\"Question\",\"name\":\"\u00bfHabr\u00e1 servicios en la zona de meta?\",\"acceptedAnswer\":{\"@type\":\"Answer\",\"text\":\"<p>S\u00ed. La organizaci\u00f3n contempla servicios como zona m\u00e9dica, aseos, guardarropa, fisioterapia, punto de encuentro y otros espacios de atenci\u00f3n al corredor en el entorno de salida\/meta. Algunos servicios pueden variar seg\u00fan la edici\u00f3n y se confirmar\u00e1n en la informaci\u00f3n final para participantes.<\/p>\"}}]}<\/script>\n                                <\/div>\n    <\/div>\t\t\t\t<\/div>\n\t\t\t\t<\/div>\n\t\t\t\t<\/div>\n\t\t\t\t\t<\/div>\n\t\t\t\t<\/div>\n\t\t<div class=\"elementor-element elementor-element-e35aa55 e-flex e-con-boxed e-con e-parent\" data-id=\"e35aa55\" data-element_type=\"container\" data-e-type=\"container\">\n\t\t\t\t\t<div class=\"e-con-inner\">\n\t\t<div class=\"elementor-element elementor-element-721cede e-con-full e-flex e-con e-child\" data-id=\"721cede\" data-element_type=\"container\" data-e-type=\"container\">\n\t\t<div class=\"elementor-element elementor-element-be7638e e-con-full e-flex e-con e-child\" data-id=\"be7638e\" data-element_type=\"container\" data-e-type=\"container\">\n\t\t\t\t<div class=\"elementor-element elementor-element-4688742 elementor-position-inline-start elementor-view-default elementor-mobile-position-block-start elementor-widget elementor-widget-icon-box\" data-id=\"4688742\" data-element_type=\"widget\" data-e-type=\"widget\" data-widget_type=\"icon-box.default\">\n\t\t\t\t\t\t\t<div class=\"elementor-icon-box-wrapper\">\n\n\t\t\t\t\t\t<div class=\"elementor-icon-box-icon\">\n\t\t\t\t<span  class=\"elementor-icon\">\n\t\t\t\t<svg aria-hidden=\"true\" class=\"e-font-icon-svg e-fas-caret-right\" viewBox=\"0 0 192 512\" xmlns=\"http:\/\/www.w3.org\/2000\/svg\"><path d=\"M0 384.662V127.338c0-17.818 21.543-26.741 34.142-14.142l128.662 128.662c7.81 7.81 7.81 20.474 0 28.284L34.142 398.804C21.543 411.404 0 402.48 0 384.662z\"><\/path><\/svg>\t\t\t\t<\/span>\n\t\t\t<\/div>\n\t\t\t\n\t\t\t\t\t\t<div class=\"elementor-icon-box-content\">\n\n\t\t\t\t\t\t\t\t\t<h3 class=\"elementor-icon-box-title\">\n\t\t\t\t\t\t<span  >\n\t\t\t\t\t\t\tNormas durante la carrera\t\t\t\t\t\t<\/span>\n\t\t\t\t\t<\/h3>\n\t\t\t\t\n\t\t\t\t\n\t\t\t<\/div>\n\t\t\t\n\t\t<\/div>\n\t\t\t\t\t\t<\/div>\n\t\t\t\t<div class=\"elementor-element elementor-element-0c1d614 animated-slow elementor-invisible elementor-widget elementor-widget-elementskit-accordion\" data-id=\"0c1d614\" data-element_type=\"widget\" data-e-type=\"widget\" data-settings=\"{&quot;_animation&quot;:&quot;fadeInLeft&quot;}\" data-widget_type=\"elementskit-accordion.default\">\n\t\t\t\t\t<div class=\"ekit-wid-con\" >\n        <div class=\"elementskit-accordion accoedion-primary\" id=\"accordion-6a9c21ff68da8\">\n\n            \n                <div class=\"elementskit-card \">\n                    <div class=\"elementskit-card-header\" id=\"primaryHeading-0-0c1d614\" role=\"heading\" aria-level=\"3\">\n                        <a href=\"#collapse-0e7ef106a9c21ff68da8\" class=\"ekit-accordion--toggler elementskit-btn-link collapsed\" role=\"button\" data-ekit-toggle=\"collapse\" data-target=\"#Collapse-0e7ef106a9c21ff68da8\" aria-expanded=\"false\" aria-controls=\"Collapse-0e7ef106a9c21ff68da8\">\n                            \n                            <span class=\"ekit-accordion-title\">\u00bfC\u00f3mo funciona el cronometraje?<\/span>\n\n                            \n                                <div class=\"ekit_accordion_icon_group\">\n                                    <div class=\"ekit_accordion_normal_icon\">\n                                        <!-- Normal Icon -->\n\t\t\t\t\t\t\t\t\t\t<i class=\"icon icon-plus\"><\/i>                                    <\/div>\n\n                                    <div class=\"ekit_accordion_active_icon\">\n                                        <!-- Active Icon -->\n\t\t\t\t\t\t\t\t\t\t<i class=\"icon icon-minus\"><\/i>                                    <\/div>\n                                <\/div>\n\n                            \n                                                    <\/a>\n                    <\/div>\n\n                    <div id=\"Collapse-0e7ef106a9c21ff68da8\" class=\" collapse\" role=\"region\" aria-labelledby=\"primaryHeading-0-0c1d614\" data-parent=\"#accordion-6a9c21ff68da8\">\n\n                        <div class=\"elementskit-card-body ekit-accordion--content\">\n                            <p>El cronometraje se realiza mediante chip integrado en el dorsal. Para aparecer en la clasificaci\u00f3n oficial es obligatorio correr con el chip facilitado por la organizaci\u00f3n y pasar por las alfombras de control habilitadas en el recorrido.<\/p><p><strong>\u00a0<\/strong><\/p><p>En la 21K, el reglamento establece cajones por marcas previstas. En la 10K, los boxes tambi\u00e9n se organizan por tiempos estimados: menos de 36 minutos, de 36 a 42 minutos, de 43 a 50 minutos y de 51 minutos en adelante.<\/p>                        <\/div>\n\n                    <\/div>\n\n                <\/div><!-- .elementskit-card END -->\n\n                \n                <div class=\"elementskit-card \">\n                    <div class=\"elementskit-card-header\" id=\"primaryHeading-1-0c1d614\" role=\"heading\" aria-level=\"3\">\n                        <a href=\"#collapse-f3491b16a9c21ff68da8\" class=\"ekit-accordion--toggler elementskit-btn-link collapsed\" role=\"button\" data-ekit-toggle=\"collapse\" data-target=\"#Collapse-f3491b16a9c21ff68da8\" aria-expanded=\"false\" aria-controls=\"Collapse-f3491b16a9c21ff68da8\">\n                            \n                            <span class=\"ekit-accordion-title\">\u00bfD\u00f3nde debo llevar el dorsal?<\/span>\n\n                            \n                                <div class=\"ekit_accordion_icon_group\">\n                                    <div class=\"ekit_accordion_normal_icon\">\n                                        <!-- Normal Icon -->\n\t\t\t\t\t\t\t\t\t\t<i class=\"icon icon-plus\"><\/i>                                    <\/div>\n\n                                    <div class=\"ekit_accordion_active_icon\">\n                                        <!-- Active Icon -->\n\t\t\t\t\t\t\t\t\t\t<i class=\"icon icon-minus\"><\/i>                                    <\/div>\n                                <\/div>\n\n                            \n                                                    <\/a>\n                    <\/div>\n\n                    <div id=\"Collapse-f3491b16a9c21ff68da8\" class=\" collapse\" role=\"region\" aria-labelledby=\"primaryHeading-1-0c1d614\" data-parent=\"#accordion-6a9c21ff68da8\">\n\n                        <div class=\"elementskit-card-body ekit-accordion--content\">\n                            <p>El dorsal debe ir colocado en la parte delantera, sobre el pecho, visible, sin doblar, manipular ni colocar de lado. Una mala colocaci\u00f3n puede impedir la lectura del chip y afectar al registro del tiempo.<\/p>                        <\/div>\n\n                    <\/div>\n\n                <\/div><!-- .elementskit-card END -->\n\n                \n                <div class=\"elementskit-card \">\n                    <div class=\"elementskit-card-header\" id=\"primaryHeading-2-0c1d614\" role=\"heading\" aria-level=\"3\">\n                        <a href=\"#collapse-d5019aa6a9c21ff68da8\" class=\"ekit-accordion--toggler elementskit-btn-link collapsed\" role=\"button\" data-ekit-toggle=\"collapse\" data-target=\"#Collapse-d5019aa6a9c21ff68da8\" aria-expanded=\"false\" aria-controls=\"Collapse-d5019aa6a9c21ff68da8\">\n                            \n                            <span class=\"ekit-accordion-title\">\u00bfPuedo correr acompa\u00f1ado por alguien sin dorsal?<\/span>\n\n                            \n                                <div class=\"ekit_accordion_icon_group\">\n                                    <div class=\"ekit_accordion_normal_icon\">\n                                        <!-- Normal Icon -->\n\t\t\t\t\t\t\t\t\t\t<i class=\"icon icon-plus\"><\/i>                                    <\/div>\n\n                                    <div class=\"ekit_accordion_active_icon\">\n                                        <!-- Active Icon -->\n\t\t\t\t\t\t\t\t\t\t<i class=\"icon icon-minus\"><\/i>                                    <\/div>\n                                <\/div>\n\n                            \n                                                    <\/a>\n                    <\/div>\n\n                    <div id=\"Collapse-d5019aa6a9c21ff68da8\" class=\" collapse\" role=\"region\" aria-labelledby=\"primaryHeading-2-0c1d614\" data-parent=\"#accordion-6a9c21ff68da8\">\n\n                        <div class=\"elementskit-card-body ekit-accordion--content\">\n                            <p>No. No est\u00e1 permitido correr acompa\u00f1ado por personas no inscritas, ya sea a pie, en bicicleta, patines, moto u otro veh\u00edculo. Tampoco se permite correr con ni\u00f1os en brazos, carritos, animales o carros. El incumplimiento puede suponer la descalificaci\u00f3n.<\/p>                        <\/div>\n\n                    <\/div>\n\n                <\/div><!-- .elementskit-card END -->\n\n                \n                <div class=\"elementskit-card \">\n                    <div class=\"elementskit-card-header\" id=\"primaryHeading-3-0c1d614\" role=\"heading\" aria-level=\"3\">\n                        <a href=\"#collapse-7206a326a9c21ff68da8\" class=\"ekit-accordion--toggler elementskit-btn-link collapsed\" role=\"button\" data-ekit-toggle=\"collapse\" data-target=\"#Collapse-7206a326a9c21ff68da8\" aria-expanded=\"false\" aria-controls=\"Collapse-7206a326a9c21ff68da8\">\n                            \n                            <span class=\"ekit-accordion-title\">\u00bfQu\u00e9 ocurre si no completo todo el recorrido?<\/span>\n\n                            \n                                <div class=\"ekit_accordion_icon_group\">\n                                    <div class=\"ekit_accordion_normal_icon\">\n                                        <!-- Normal Icon -->\n\t\t\t\t\t\t\t\t\t\t<i class=\"icon icon-plus\"><\/i>                                    <\/div>\n\n                                    <div class=\"ekit_accordion_active_icon\">\n                                        <!-- Active Icon -->\n\t\t\t\t\t\t\t\t\t\t<i class=\"icon icon-minus\"><\/i>                                    <\/div>\n                                <\/div>\n\n                            \n                                                    <\/a>\n                    <\/div>\n\n                    <div id=\"Collapse-7206a326a9c21ff68da8\" class=\" collapse\" role=\"region\" aria-labelledby=\"primaryHeading-3-0c1d614\" data-parent=\"#accordion-6a9c21ff68da8\">\n\n                        <div class=\"elementskit-card-body ekit-accordion--content\">\n                            <p>Para figurar en la clasificaci\u00f3n oficial es obligatorio completar el recorrido \u00edntegro y pasar por todos los controles establecidos. No realizar el recorrido completo o no pasar por los controles puede suponer la descalificaci\u00f3n.<\/p>                        <\/div>\n\n                    <\/div>\n\n                <\/div><!-- .elementskit-card END -->\n\n                                                        <script type=\"application\/ld+json\">{\"@context\":\"https:\/\/schema.org\",\"@type\":\"FAQPage\",\"mainEntity\":[{\"@type\":\"Question\",\"name\":\"\u00bfC\u00f3mo funciona el cronometraje?\",\"acceptedAnswer\":{\"@type\":\"Answer\",\"text\":\"<p>El cronometraje se realiza mediante chip integrado en el dorsal. Para aparecer en la clasificaci\u00f3n oficial es obligatorio correr con el chip facilitado por la organizaci\u00f3n y pasar por las alfombras de control habilitadas en el recorrido.<\/p><p><strong>\u00a0<\/strong><\/p><p>En la 21K, el reglamento establece cajones por marcas previstas. En la 10K, los boxes tambi\u00e9n se organizan por tiempos estimados: menos de 36 minutos, de 36 a 42 minutos, de 43 a 50 minutos y de 51 minutos en adelante.<\/p>\"}},{\"@type\":\"Question\",\"name\":\"\u00bfD\u00f3nde debo llevar el dorsal?\",\"acceptedAnswer\":{\"@type\":\"Answer\",\"text\":\"<p>El dorsal debe ir colocado en la parte delantera, sobre el pecho, visible, sin doblar, manipular ni colocar de lado. Una mala colocaci\u00f3n puede impedir la lectura del chip y afectar al registro del tiempo.<\/p>\"}},{\"@type\":\"Question\",\"name\":\"\u00bfPuedo correr acompa\u00f1ado por alguien sin dorsal?\",\"acceptedAnswer\":{\"@type\":\"Answer\",\"text\":\"<p>No. No est\u00e1 permitido correr acompa\u00f1ado por personas no inscritas, ya sea a pie, en bicicleta, patines, moto u otro veh\u00edculo. Tampoco se permite correr con ni\u00f1os en brazos, carritos, animales o carros. El incumplimiento puede suponer la descalificaci\u00f3n.<\/p>\"}},{\"@type\":\"Question\",\"name\":\"\u00bfQu\u00e9 ocurre si no completo todo el recorrido?\",\"acceptedAnswer\":{\"@type\":\"Answer\",\"text\":\"<p>Para figurar en la clasificaci\u00f3n oficial es obligatorio completar el recorrido \u00edntegro y pasar por todos los controles establecidos. No realizar el recorrido completo o no pasar por los controles puede suponer la descalificaci\u00f3n.<\/p>\"}}]}<\/script>\n                                <\/div>\n    <\/div>\t\t\t\t<\/div>\n\t\t\t\t<\/div>\n\t\t<div class=\"elementor-element elementor-element-c562ee3 e-con-full e-flex e-con e-child\" data-id=\"c562ee3\" data-element_type=\"container\" data-e-type=\"container\">\n\t\t\t\t<div class=\"elementor-element elementor-element-df942b0 elementor-position-inline-start elementor-view-default elementor-mobile-position-block-start elementor-widget elementor-widget-icon-box\" data-id=\"df942b0\" data-element_type=\"widget\" data-e-type=\"widget\" data-widget_type=\"icon-box.default\">\n\t\t\t\t\t\t\t<div class=\"elementor-icon-box-wrapper\">\n\n\t\t\t\t\t\t<div class=\"elementor-icon-box-icon\">\n\t\t\t\t<span  class=\"elementor-icon\">\n\t\t\t\t<svg aria-hidden=\"true\" class=\"e-font-icon-svg e-fas-caret-right\" viewBox=\"0 0 192 512\" xmlns=\"http:\/\/www.w3.org\/2000\/svg\"><path d=\"M0 384.662V127.338c0-17.818 21.543-26.741 34.142-14.142l128.662 128.662c7.81 7.81 7.81 20.474 0 28.284L34.142 398.804C21.543 411.404 0 402.48 0 384.662z\"><\/path><\/svg>\t\t\t\t<\/span>\n\t\t\t<\/div>\n\t\t\t\n\t\t\t\t\t\t<div class=\"elementor-icon-box-content\">\n\n\t\t\t\t\t\t\t\t\t<h3 class=\"elementor-icon-box-title\">\n\t\t\t\t\t\t<span  >\n\t\t\t\t\t\t\tSalud, seguridad y responsabilidad\t\t\t\t\t\t<\/span>\n\t\t\t\t\t<\/h3>\n\t\t\t\t\n\t\t\t\t\n\t\t\t<\/div>\n\t\t\t\n\t\t<\/div>\n\t\t\t\t\t\t<\/div>\n\t\t\t\t<div class=\"elementor-element elementor-element-eb3416f animated-slow elementor-invisible elementor-widget elementor-widget-elementskit-accordion\" data-id=\"eb3416f\" data-element_type=\"widget\" data-e-type=\"widget\" data-settings=\"{&quot;_animation&quot;:&quot;fadeInLeft&quot;}\" data-widget_type=\"elementskit-accordion.default\">\n\t\t\t\t\t<div class=\"ekit-wid-con\" >\n        <div class=\"elementskit-accordion accoedion-primary\" id=\"accordion-6a9c21ff6a2d2\">\n\n            \n                <div class=\"elementskit-card \">\n                    <div class=\"elementskit-card-header\" id=\"primaryHeading-0-eb3416f\" role=\"heading\" aria-level=\"3\">\n                        <a href=\"#collapse-0e7ef106a9c21ff6a2d2\" class=\"ekit-accordion--toggler elementskit-btn-link collapsed\" role=\"button\" data-ekit-toggle=\"collapse\" data-target=\"#Collapse-0e7ef106a9c21ff6a2d2\" aria-expanded=\"false\" aria-controls=\"Collapse-0e7ef106a9c21ff6a2d2\">\n                            \n                            <span class=\"ekit-accordion-title\">\u00bfDebo hacerme un reconocimiento m\u00e9dico antes de correr?<\/span>\n\n                            \n                                <div class=\"ekit_accordion_icon_group\">\n                                    <div class=\"ekit_accordion_normal_icon\">\n                                        <!-- Normal Icon -->\n\t\t\t\t\t\t\t\t\t\t<i class=\"icon icon-plus\"><\/i>                                    <\/div>\n\n                                    <div class=\"ekit_accordion_active_icon\">\n                                        <!-- Active Icon -->\n\t\t\t\t\t\t\t\t\t\t<i class=\"icon icon-minus\"><\/i>                                    <\/div>\n                                <\/div>\n\n                            \n                                                    <\/a>\n                    <\/div>\n\n                    <div id=\"Collapse-0e7ef106a9c21ff6a2d2\" class=\" collapse\" role=\"region\" aria-labelledby=\"primaryHeading-0-eb3416f\" data-parent=\"#accordion-6a9c21ff6a2d2\">\n\n                        <div class=\"elementskit-card-body ekit-accordion--content\">\n                            <p>La organizaci\u00f3n recomienda a todos los participantes someterse a un reconocimiento m\u00e9dico previo. Al inscribirse, cada corredor declara estar en condiciones f\u00edsicas y psicol\u00f3gicas adecuadas para afrontar la prueba.<\/p>                        <\/div>\n\n                    <\/div>\n\n                <\/div><!-- .elementskit-card END -->\n\n                \n                <div class=\"elementskit-card \">\n                    <div class=\"elementskit-card-header\" id=\"primaryHeading-1-eb3416f\" role=\"heading\" aria-level=\"3\">\n                        <a href=\"#collapse-f3491b16a9c21ff6a2d2\" class=\"ekit-accordion--toggler elementskit-btn-link collapsed\" role=\"button\" data-ekit-toggle=\"collapse\" data-target=\"#Collapse-f3491b16a9c21ff6a2d2\" aria-expanded=\"false\" aria-controls=\"Collapse-f3491b16a9c21ff6a2d2\">\n                            \n                            <span class=\"ekit-accordion-title\">\u00bfQu\u00e9 pasa si sufro una lesi\u00f3n antes de la carrera?<\/span>\n\n                            \n                                <div class=\"ekit_accordion_icon_group\">\n                                    <div class=\"ekit_accordion_normal_icon\">\n                                        <!-- Normal Icon -->\n\t\t\t\t\t\t\t\t\t\t<i class=\"icon icon-plus\"><\/i>                                    <\/div>\n\n                                    <div class=\"ekit_accordion_active_icon\">\n                                        <!-- Active Icon -->\n\t\t\t\t\t\t\t\t\t\t<i class=\"icon icon-minus\"><\/i>                                    <\/div>\n                                <\/div>\n\n                            \n                                                    <\/a>\n                    <\/div>\n\n                    <div id=\"Collapse-f3491b16a9c21ff6a2d2\" class=\" collapse\" role=\"region\" aria-labelledby=\"primaryHeading-1-eb3416f\" data-parent=\"#accordion-6a9c21ff6a2d2\">\n\n                        <div class=\"elementskit-card-body ekit-accordion--content\">\n                            <p>El reglamento contempla supuestos de devoluci\u00f3n por lesi\u00f3n o enfermedad acreditada mediante certificado m\u00e9dico. Las condiciones, plazos y documentaci\u00f3n necesaria pueden variar seg\u00fan la edici\u00f3n, por lo que conviene revisar el reglamento vigente antes de solicitar cualquier devoluci\u00f3n.<\/p>                        <\/div>\n\n                    <\/div>\n\n                <\/div><!-- .elementskit-card END -->\n\n                \n                <div class=\"elementskit-card \">\n                    <div class=\"elementskit-card-header\" id=\"primaryHeading-2-eb3416f\" role=\"heading\" aria-level=\"3\">\n                        <a href=\"#collapse-d5019aa6a9c21ff6a2d2\" class=\"ekit-accordion--toggler elementskit-btn-link collapsed\" role=\"button\" data-ekit-toggle=\"collapse\" data-target=\"#Collapse-d5019aa6a9c21ff6a2d2\" aria-expanded=\"false\" aria-controls=\"Collapse-d5019aa6a9c21ff6a2d2\">\n                            \n                            <span class=\"ekit-accordion-title\">\u00bfLa inscripci\u00f3n incluye seguro?<\/span>\n\n                            \n                                <div class=\"ekit_accordion_icon_group\">\n                                    <div class=\"ekit_accordion_normal_icon\">\n                                        <!-- Normal Icon -->\n\t\t\t\t\t\t\t\t\t\t<i class=\"icon icon-plus\"><\/i>                                    <\/div>\n\n                                    <div class=\"ekit_accordion_active_icon\">\n                                        <!-- Active Icon -->\n\t\t\t\t\t\t\t\t\t\t<i class=\"icon icon-minus\"><\/i>                                    <\/div>\n                                <\/div>\n\n                            \n                                                    <\/a>\n                    <\/div>\n\n                    <div id=\"Collapse-d5019aa6a9c21ff6a2d2\" class=\" collapse\" role=\"region\" aria-labelledby=\"primaryHeading-2-eb3416f\" data-parent=\"#accordion-6a9c21ff6a2d2\">\n\n                        <div class=\"elementskit-card-body ekit-accordion--content\">\n                            <p>S\u00ed. Las pruebas pertenecen al calendario oficial de la Real Federaci\u00f3n Espa\u00f1ola de Atletismo, y los datos de inscripci\u00f3n se tramitan para los seguros obligatorios de accidentes y responsabilidad civil, adem\u00e1s de la licencia correspondiente cuando sea necesario.<\/p>                        <\/div>\n\n                    <\/div>\n\n                <\/div><!-- .elementskit-card END -->\n\n                                                        <script type=\"application\/ld+json\">{\"@context\":\"https:\/\/schema.org\",\"@type\":\"FAQPage\",\"mainEntity\":[{\"@type\":\"Question\",\"name\":\"\u00bfDebo hacerme un reconocimiento m\u00e9dico antes de correr?\",\"acceptedAnswer\":{\"@type\":\"Answer\",\"text\":\"<p>La organizaci\u00f3n recomienda a todos los participantes someterse a un reconocimiento m\u00e9dico previo. Al inscribirse, cada corredor declara estar en condiciones f\u00edsicas y psicol\u00f3gicas adecuadas para afrontar la prueba.<\/p>\"}},{\"@type\":\"Question\",\"name\":\"\u00bfQu\u00e9 pasa si sufro una lesi\u00f3n antes de la carrera?\",\"acceptedAnswer\":{\"@type\":\"Answer\",\"text\":\"<p>El reglamento contempla supuestos de devoluci\u00f3n por lesi\u00f3n o enfermedad acreditada mediante certificado m\u00e9dico. Las condiciones, plazos y documentaci\u00f3n necesaria pueden variar seg\u00fan la edici\u00f3n, por lo que conviene revisar el reglamento vigente antes de solicitar cualquier devoluci\u00f3n.<\/p>\"}},{\"@type\":\"Question\",\"name\":\"\u00bfLa inscripci\u00f3n incluye seguro?\",\"acceptedAnswer\":{\"@type\":\"Answer\",\"text\":\"<p>S\u00ed. Las pruebas pertenecen al calendario oficial de la Real Federaci\u00f3n Espa\u00f1ola de Atletismo, y los datos de inscripci\u00f3n se tramitan para los seguros obligatorios de accidentes y responsabilidad civil, adem\u00e1s de la licencia correspondiente cuando sea necesario.<\/p>\"}}]}<\/script>\n                                <\/div>\n    <\/div>\t\t\t\t<\/div>\n\t\t\t\t<\/div>\n\t\t\t\t<\/div>\n\t\t\t\t\t<\/div>\n\t\t\t\t<\/div>\n\t\t<div class=\"elementor-element elementor-element-ae3a548 e-flex e-con-boxed e-con e-parent\" data-id=\"ae3a548\" data-element_type=\"container\" data-e-type=\"container\">\n\t\t\t\t\t<div class=\"e-con-inner\">\n\t\t<div class=\"elementor-element elementor-element-c9e3f62 e-con-full e-flex e-con e-child\" data-id=\"c9e3f62\" data-element_type=\"container\" data-e-type=\"container\">\n\t\t<div class=\"elementor-element elementor-element-5c6e9b6 e-con-full e-flex e-con e-child\" data-id=\"5c6e9b6\" data-element_type=\"container\" data-e-type=\"container\">\n\t\t\t\t<div class=\"elementor-element elementor-element-ae55293 elementor-position-inline-start elementor-view-default elementor-mobile-position-block-start elementor-widget elementor-widget-icon-box\" data-id=\"ae55293\" data-element_type=\"widget\" data-e-type=\"widget\" data-widget_type=\"icon-box.default\">\n\t\t\t\t\t\t\t<div class=\"elementor-icon-box-wrapper\">\n\n\t\t\t\t\t\t<div class=\"elementor-icon-box-icon\">\n\t\t\t\t<span  class=\"elementor-icon\">\n\t\t\t\t<svg aria-hidden=\"true\" class=\"e-font-icon-svg e-fas-caret-right\" viewBox=\"0 0 192 512\" xmlns=\"http:\/\/www.w3.org\/2000\/svg\"><path d=\"M0 384.662V127.338c0-17.818 21.543-26.741 34.142-14.142l128.662 128.662c7.81 7.81 7.81 20.474 0 28.284L34.142 398.804C21.543 411.404 0 402.48 0 384.662z\"><\/path><\/svg>\t\t\t\t<\/span>\n\t\t\t<\/div>\n\t\t\t\n\t\t\t\t\t\t<div class=\"elementor-icon-box-content\">\n\n\t\t\t\t\t\t\t\t\t<h3 class=\"elementor-icon-box-title\">\n\t\t\t\t\t\t<span  >\n\t\t\t\t\t\t\tBolsa del corredor y premios\t\t\t\t\t\t<\/span>\n\t\t\t\t\t<\/h3>\n\t\t\t\t\n\t\t\t\t\n\t\t\t<\/div>\n\t\t\t\n\t\t<\/div>\n\t\t\t\t\t\t<\/div>\n\t\t\t\t<div class=\"elementor-element elementor-element-d62c89d animated-slow elementor-invisible elementor-widget elementor-widget-elementskit-accordion\" data-id=\"d62c89d\" data-element_type=\"widget\" data-e-type=\"widget\" data-settings=\"{&quot;_animation&quot;:&quot;fadeInLeft&quot;}\" data-widget_type=\"elementskit-accordion.default\">\n\t\t\t\t\t<div class=\"ekit-wid-con\" >\n        <div class=\"elementskit-accordion accoedion-primary\" id=\"accordion-6a9c21ff6c489\">\n\n            \n                <div class=\"elementskit-card \">\n                    <div class=\"elementskit-card-header\" id=\"primaryHeading-0-d62c89d\" role=\"heading\" aria-level=\"3\">\n                        <a href=\"#collapse-0e7ef106a9c21ff6c489\" class=\"ekit-accordion--toggler elementskit-btn-link collapsed\" role=\"button\" data-ekit-toggle=\"collapse\" data-target=\"#Collapse-0e7ef106a9c21ff6c489\" aria-expanded=\"false\" aria-controls=\"Collapse-0e7ef106a9c21ff6c489\">\n                            \n                            <span class=\"ekit-accordion-title\">\u00bfQu\u00e9 incluye la bolsa del corredor?<\/span>\n\n                            \n                                <div class=\"ekit_accordion_icon_group\">\n                                    <div class=\"ekit_accordion_normal_icon\">\n                                        <!-- Normal Icon -->\n\t\t\t\t\t\t\t\t\t\t<i class=\"icon icon-plus\"><\/i>                                    <\/div>\n\n                                    <div class=\"ekit_accordion_active_icon\">\n                                        <!-- Active Icon -->\n\t\t\t\t\t\t\t\t\t\t<i class=\"icon icon-minus\"><\/i>                                    <\/div>\n                                <\/div>\n\n                            \n                                                    <\/a>\n                    <\/div>\n\n                    <div id=\"Collapse-0e7ef106a9c21ff6c489\" class=\" collapse\" role=\"region\" aria-labelledby=\"primaryHeading-0-d62c89d\" data-parent=\"#accordion-6a9c21ff6c489\">\n\n                        <div class=\"elementskit-card-body ekit-accordion--content\">\n                            <p>La bolsa del corredor puede incluir camiseta t\u00e9cnica, medalla finisher y otros obsequios que la organizaci\u00f3n o los patrocinadores puedan aportar. Los elementos concretos pueden variar seg\u00fan la edici\u00f3n y la distancia.<\/p><p><strong>\u00a0<\/strong><\/p><p>En la 21K, el reglamento establece cajones por marcas previstas. En la 10K, los boxes tambi\u00e9n se organizan por tiempos estimados: menos de 36 minutos, de 36 a 42 minutos, de 43 a 50 minutos y de 51 minutos en adelante.<\/p>                        <\/div>\n\n                    <\/div>\n\n                <\/div><!-- .elementskit-card END -->\n\n                \n                <div class=\"elementskit-card \">\n                    <div class=\"elementskit-card-header\" id=\"primaryHeading-1-d62c89d\" role=\"heading\" aria-level=\"3\">\n                        <a href=\"#collapse-f3491b16a9c21ff6c489\" class=\"ekit-accordion--toggler elementskit-btn-link collapsed\" role=\"button\" data-ekit-toggle=\"collapse\" data-target=\"#Collapse-f3491b16a9c21ff6c489\" aria-expanded=\"false\" aria-controls=\"Collapse-f3491b16a9c21ff6c489\">\n                            \n                            <span class=\"ekit-accordion-title\">\u00bfHay premios y trofeos?<\/span>\n\n                            \n                                <div class=\"ekit_accordion_icon_group\">\n                                    <div class=\"ekit_accordion_normal_icon\">\n                                        <!-- Normal Icon -->\n\t\t\t\t\t\t\t\t\t\t<i class=\"icon icon-plus\"><\/i>                                    <\/div>\n\n                                    <div class=\"ekit_accordion_active_icon\">\n                                        <!-- Active Icon -->\n\t\t\t\t\t\t\t\t\t\t<i class=\"icon icon-minus\"><\/i>                                    <\/div>\n                                <\/div>\n\n                            \n                                                    <\/a>\n                    <\/div>\n\n                    <div id=\"Collapse-f3491b16a9c21ff6c489\" class=\" collapse\" role=\"region\" aria-labelledby=\"primaryHeading-1-d62c89d\" data-parent=\"#accordion-6a9c21ff6c489\">\n\n                        <div class=\"elementskit-card-body ekit-accordion--content\">\n                            <p>S\u00ed. La prueba contempla trofeos y premios seg\u00fan clasificaci\u00f3n general, categor\u00edas, atletas locales, equipos y otras modalidades. En la 10K se establecen trofeos para los primeros clasificados y por categor\u00edas. Consulta las normativas de cada carrera.<\/p>                        <\/div>\n\n                    <\/div>\n\n                <\/div><!-- .elementskit-card END -->\n\n                \n                <div class=\"elementskit-card \">\n                    <div class=\"elementskit-card-header\" id=\"primaryHeading-2-d62c89d\" role=\"heading\" aria-level=\"3\">\n                        <a href=\"#collapse-d5019aa6a9c21ff6c489\" class=\"ekit-accordion--toggler elementskit-btn-link collapsed\" role=\"button\" data-ekit-toggle=\"collapse\" data-target=\"#Collapse-d5019aa6a9c21ff6c489\" aria-expanded=\"false\" aria-controls=\"Collapse-d5019aa6a9c21ff6c489\">\n                            \n                            <span class=\"ekit-accordion-title\">\u00bfD\u00f3nde puedo consultar la informaci\u00f3n definitiva?<\/span>\n\n                            \n                                <div class=\"ekit_accordion_icon_group\">\n                                    <div class=\"ekit_accordion_normal_icon\">\n                                        <!-- Normal Icon -->\n\t\t\t\t\t\t\t\t\t\t<i class=\"icon icon-plus\"><\/i>                                    <\/div>\n\n                                    <div class=\"ekit_accordion_active_icon\">\n                                        <!-- Active Icon -->\n\t\t\t\t\t\t\t\t\t\t<i class=\"icon icon-minus\"><\/i>                                    <\/div>\n                                <\/div>\n\n                            \n                                                    <\/a>\n                    <\/div>\n\n                    <div id=\"Collapse-d5019aa6a9c21ff6c489\" class=\" collapse\" role=\"region\" aria-labelledby=\"primaryHeading-2-d62c89d\" data-parent=\"#accordion-6a9c21ff6c489\">\n\n                        <div class=\"elementskit-card-body ekit-accordion--content\">\n                            <p>Toda la informaci\u00f3n oficial sobre inscripciones, reglamento, recorrido, recogida de dorsales, servicios y \u00faltimas instrucciones se publicar\u00e1 en la web oficial de la Media Marat\u00f3n de Elche.<\/p>                        <\/div>\n\n                    <\/div>\n\n                <\/div><!-- .elementskit-card END -->\n\n                                                        <script type=\"application\/ld+json\">{\"@context\":\"https:\/\/schema.org\",\"@type\":\"FAQPage\",\"mainEntity\":[{\"@type\":\"Question\",\"name\":\"\u00bfQu\u00e9 incluye la bolsa del corredor?\",\"acceptedAnswer\":{\"@type\":\"Answer\",\"text\":\"<p>La bolsa del corredor puede incluir camiseta t\u00e9cnica, medalla finisher y otros obsequios que la organizaci\u00f3n o los patrocinadores puedan aportar. Los elementos concretos pueden variar seg\u00fan la edici\u00f3n y la distancia.<\/p><p><strong>\u00a0<\/strong><\/p><p>En la 21K, el reglamento establece cajones por marcas previstas. En la 10K, los boxes tambi\u00e9n se organizan por tiempos estimados: menos de 36 minutos, de 36 a 42 minutos, de 43 a 50 minutos y de 51 minutos en adelante.<\/p>\"}},{\"@type\":\"Question\",\"name\":\"\u00bfHay premios y trofeos?\",\"acceptedAnswer\":{\"@type\":\"Answer\",\"text\":\"<p>S\u00ed. La prueba contempla trofeos y premios seg\u00fan clasificaci\u00f3n general, categor\u00edas, atletas locales, equipos y otras modalidades. En la 10K se establecen trofeos para los primeros clasificados y por categor\u00edas. Consulta las normativas de cada carrera.<\/p>\"}},{\"@type\":\"Question\",\"name\":\"\u00bfD\u00f3nde puedo consultar la informaci\u00f3n definitiva?\",\"acceptedAnswer\":{\"@type\":\"Answer\",\"text\":\"<p>Toda la informaci\u00f3n oficial sobre inscripciones, reglamento, recorrido, recogida de dorsales, servicios y \u00faltimas instrucciones se publicar\u00e1 en la web oficial de la Media Marat\u00f3n de Elche.<\/p>\"}}]}<\/script>\n                                <\/div>\n    <\/div>\t\t\t\t<\/div>\n\t\t\t\t<\/div>\n\t\t<div class=\"elementor-element elementor-element-4519c02 e-con-full e-flex e-con e-child\" data-id=\"4519c02\" data-element_type=\"container\" data-e-type=\"container\">\n\t\t\t\t<\/div>\n\t\t\t\t<\/div>\n\t\t\t\t\t<\/div>\n\t\t\t\t<\/div>\n\t\t<div class=\"elementor-element elementor-element-2796e5f e-flex e-con-boxed e-con e-parent\" data-id=\"2796e5f\" data-element_type=\"container\" data-e-type=\"container\">\n\t\t\t\t\t<div class=\"e-con-inner\">\n\t\t<div class=\"elementor-element elementor-element-d6cf7c2 e-con-full e-flex e-con e-child\" data-id=\"d6cf7c2\" data-element_type=\"container\" data-e-type=\"container\">\n\t\t\t\t<div class=\"elementor-element elementor-element-bb25704 elementor-widget__width-auto elementor-widget elementor-widget-heading\" data-id=\"bb25704\" data-element_type=\"widget\" data-e-type=\"widget\" data-widget_type=\"heading.default\">\n\t\t\t\t\t<h2 class=\"elementor-heading-title elementor-size-default\">Consulta siempre la informaci\u00f3n actualizada antes de la carrera y prep\u00e1rate para vivir una de las pruebas m\u00e1s hist\u00f3ricas del mundo.<\/h2>\t\t\t\t<\/div>\n\t\t\t\t<div class=\"elementor-element elementor-element-e2dd059 elementor-widget elementor-widget-text-editor\" data-id=\"e2dd059\" data-element_type=\"widget\" data-e-type=\"widget\" data-widget_type=\"text-editor.default\">\n\t\t\t\t\t\t\t\t\t<p>Elche te espera con su Palmeral, su casco hist\u00f3rico, sus playas naturales, su ambiente local y una oferta tur\u00edstica perfecta para convertir el fin de semana de la carrera en una escapada inolvidable.<\/p>\t\t\t\t\t\t\t\t<\/div>\n\t\t\t\t<\/div>\n\t\t\t\t\t<\/div>\n\t\t\t\t<\/div>\n\t\t\t\t<\/div>\n\t\t","protected":false},"excerpt":{"rendered":"<p>PREGUNTAS FRECUENTES Informaci\u00f3n general\u200b \u00bfQu\u00e9 distancias puedo correr? Puedes elegir entre dos distancias: la Media Marat\u00f3n de 21,097 km y la 10K de 10.000 metros. Ambas pruebas cuentan con recorrido homologado y est\u00e1n supervisadas por la Real Federaci\u00f3n Espa\u00f1ola de Atletismo. \u00bfCu\u00e1ndo se celebra la pr\u00f3xima edici\u00f3n? La pr\u00f3xima edici\u00f3n de la Media Marat\u00f3n de [&hellip;]<\/p>\n","protected":false},"author":1,"featured_media":0,"parent":0,"menu_order":0,"comment_status":"closed","ping_status":"closed","template":"","meta":{"footnotes":""},"class_list":["post-1429","page","type-page","status-publish","hentry"],"yoast_head":"<!-- This site is optimized with the Yoast SEO plugin v28.4 - https:\/\/yoast.com\/product\/yoast-seo-wordpress\/ -->\n<title>PREGUNTAS FRECUENTES - La Media<\/title>\n<meta name=\"robots\" content=\"noindex, follow, max-snippet:-1, max-image-preview:large, max-video-preview:-1\" \/>\n<meta property=\"og:locale\" content=\"es_ES\" \/>\n<meta property=\"og:type\" content=\"article\" \/>\n<meta property=\"og:title\" content=\"PREGUNTAS FRECUENTES - La Media\" \/>\n<meta property=\"og:description\" content=\"PREGUNTAS FRECUENTES Informaci\u00f3n general\u200b \u00bfQu\u00e9 distancias puedo correr? Puedes elegir entre dos distancias: la Media Marat\u00f3n de 21,097 km y la 10K de 10.000 metros. Ambas pruebas cuentan con recorrido homologado y est\u00e1n supervisadas por la Real Federaci\u00f3n Espa\u00f1ola de Atletismo. \u00bfCu\u00e1ndo se celebra la pr\u00f3xima edici\u00f3n? La pr\u00f3xima edici\u00f3n de la Media Marat\u00f3n de [&hellip;]\" \/>\n<meta property=\"og:url\" content=\"https:\/\/lamedia.enmantenimiento.es\/index.php\/preguntas-frecuentes\/\" \/>\n<meta property=\"og:site_name\" content=\"La Media\" \/>\n<meta property=\"article:modified_time\" content=\"2026-09-04T10:25:23+00:00\" \/>\n<meta name=\"twitter:card\" content=\"summary_large_image\" \/>\n<meta name=\"twitter:label1\" content=\"Tiempo de lectura\" \/>\n\t<meta name=\"twitter:data1\" content=\"7 minutos\" \/>\n<script type=\"application\/ld+json\" class=\"yoast-schema-graph\">{\"@context\":\"https:\\\/\\\/schema.org\",\"@graph\":[{\"@type\":\"WebPage\",\"@id\":\"https:\\\/\\\/lamedia.enmantenimiento.es\\\/index.php\\\/preguntas-frecuentes\\\/\",\"url\":\"https:\\\/\\\/lamedia.enmantenimiento.es\\\/index.php\\\/preguntas-frecuentes\\\/\",\"name\":\"PREGUNTAS FRECUENTES - La Media\",\"isPartOf\":{\"@id\":\"https:\\\/\\\/lamedia.enmantenimiento.es\\\/#website\"},\"datePublished\":\"2026-09-03T09:01:29+00:00\",\"dateModified\":\"2026-09-04T10:25:23+00:00\",\"breadcrumb\":{\"@id\":\"https:\\\/\\\/lamedia.enmantenimiento.es\\\/index.php\\\/preguntas-frecuentes\\\/#breadcrumb\"},\"inLanguage\":\"es\",\"potentialAction\":[{\"@type\":\"ReadAction\",\"target\":[\"https:\\\/\\\/lamedia.enmantenimiento.es\\\/index.php\\\/preguntas-frecuentes\\\/\"]}]},{\"@type\":\"BreadcrumbList\",\"@id\":\"https:\\\/\\\/lamedia.enmantenimiento.es\\\/index.php\\\/preguntas-frecuentes\\\/#breadcrumb\",\"itemListElement\":[{\"@type\":\"ListItem\",\"position\":1,\"name\":\"Portada\",\"item\":\"https:\\\/\\\/lamedia.enmantenimiento.es\\\/\"},{\"@type\":\"ListItem\",\"position\":2,\"name\":\"PREGUNTAS FRECUENTES\"}]},{\"@type\":\"WebSite\",\"@id\":\"https:\\\/\\\/lamedia.enmantenimiento.es\\\/#website\",\"url\":\"https:\\\/\\\/lamedia.enmantenimiento.es\\\/\",\"name\":\"La Media\",\"description\":\"\",\"potentialAction\":[{\"@type\":\"SearchAction\",\"target\":{\"@type\":\"EntryPoint\",\"urlTemplate\":\"https:\\\/\\\/lamedia.enmantenimiento.es\\\/?s={search_term_string}\"},\"query-input\":{\"@type\":\"PropertyValueSpecification\",\"valueRequired\":true,\"valueName\":\"search_term_string\"}}],\"inLanguage\":\"es\"}]}<\/script>\n<!-- \/ Yoast SEO plugin. -->","yoast_head_json":{"title":"PREGUNTAS FRECUENTES - La Media","robots":{"index":"noindex","follow":"follow","max-snippet":"max-snippet:-1","max-image-preview":"max-image-preview:large","max-video-preview":"max-video-preview:-1"},"og_locale":"es_ES","og_type":"article","og_title":"PREGUNTAS FRECUENTES - La Media","og_description":"PREGUNTAS FRECUENTES Informaci\u00f3n general\u200b \u00bfQu\u00e9 distancias puedo correr? Puedes elegir entre dos distancias: la Media Marat\u00f3n de 21,097 km y la 10K de 10.000 metros. Ambas pruebas cuentan con recorrido homologado y est\u00e1n supervisadas por la Real Federaci\u00f3n Espa\u00f1ola de Atletismo. \u00bfCu\u00e1ndo se celebra la pr\u00f3xima edici\u00f3n? La pr\u00f3xima edici\u00f3n de la Media Marat\u00f3n de [&hellip;]","og_url":"https:\/\/lamedia.enmantenimiento.es\/index.php\/preguntas-frecuentes\/","og_site_name":"La Media","article_modified_time":"2026-09-04T10:25:23+00:00","twitter_card":"summary_large_image","twitter_misc":{"Tiempo de lectura":"7 minutos"},"schema":{"@context":"https:\/\/schema.org","@graph":[{"@type":"WebPage","@id":"https:\/\/lamedia.enmantenimiento.es\/index.php\/preguntas-frecuentes\/","url":"https:\/\/lamedia.enmantenimiento.es\/index.php\/preguntas-frecuentes\/","name":"PREGUNTAS FRECUENTES - La Media","isPartOf":{"@id":"https:\/\/lamedia.enmantenimiento.es\/#website"},"datePublished":"2026-09-03T09:01:29+00:00","dateModified":"2026-09-04T10:25:23+00:00","breadcrumb":{"@id":"https:\/\/lamedia.enmantenimiento.es\/index.php\/preguntas-frecuentes\/#breadcrumb"},"inLanguage":"es","potentialAction":[{"@type":"ReadAction","target":["https:\/\/lamedia.enmantenimiento.es\/index.php\/preguntas-frecuentes\/"]}]},{"@type":"BreadcrumbList","@id":"https:\/\/lamedia.enmantenimiento.es\/index.php\/preguntas-frecuentes\/#breadcrumb","itemListElement":[{"@type":"ListItem","position":1,"name":"Portada","item":"https:\/\/lamedia.enmantenimiento.es\/"},{"@type":"ListItem","position":2,"name":"PREGUNTAS FRECUENTES"}]},{"@type":"WebSite","@id":"https:\/\/lamedia.enmantenimiento.es\/#website","url":"https:\/\/lamedia.enmantenimiento.es\/","name":"La Media","description":"","potentialAction":[{"@type":"SearchAction","target":{"@type":"EntryPoint","urlTemplate":"https:\/\/lamedia.enmantenimiento.es\/?s={search_term_string}"},"query-input":{"@type":"PropertyValueSpecification","valueRequired":true,"valueName":"search_term_string"}}],"inLanguage":"es"}]}},"_links":{"self":[{"href":"https:\/\/lamedia.enmantenimiento.es\/index.php\/wp-json\/wp\/v2\/pages\/1429","targetHints":{"allow":["GET"]}}],"collection":[{"href":"https:\/\/lamedia.enmantenimiento.es\/index.php\/wp-json\/wp\/v2\/pages"}],"about":[{"href":"https:\/\/lamedia.enmantenimiento.es\/index.php\/wp-json\/wp\/v2\/types\/page"}],"author":[{"embeddable":true,"href":"https:\/\/lamedia.enmantenimiento.es\/index.php\/wp-json\/wp\/v2\/users\/1"}],"replies":[{"embeddable":true,"href":"https:\/\/lamedia.enmantenimiento.es\/index.php\/wp-json\/wp\/v2\/comments?post=1429"}],"version-history":[{"count":79,"href":"https:\/\/lamedia.enmantenimiento.es\/index.php\/wp-json\/wp\/v2\/pages\/1429\/revisions"}],"predecessor-version":[{"id":2267,"href":"https:\/\/lamedia.enmantenimiento.es\/index.php\/wp-json\/wp\/v2\/pages\/1429\/revisions\/2267"}],"wp:attachment":[{"href":"https:\/\/lamedia.enmantenimiento.es\/index.php\/wp-json\/wp\/v2\/media?parent=1429"}],"curies":[{"name":"wp","href":"https:\/\/api.w.org\/{rel}","templated":true}]}}