{"id":1342,"date":"2026-09-02T14:52:25","date_gmt":"2026-09-02T12:52:25","guid":{"rendered":"https:\/\/lamedia.enmantenimiento.es\/?page_id=1342"},"modified":"2026-09-04T11:08:34","modified_gmt":"2026-09-04T09:08:34","slug":"recorrido-10k","status":"publish","type":"page","link":"https:\/\/lamedia.enmantenimiento.es\/index.php\/recorrido-10k\/","title":{"rendered":"Recorrido 10K"},"content":{"rendered":"\t\t<div data-elementor-type=\"wp-page\" data-elementor-id=\"1342\" class=\"elementor elementor-1342\" data-elementor-post-type=\"page\">\n\t\t\t\t<div class=\"elementor-element elementor-element-18dfd9a e-flex e-con-boxed e-con e-parent\" data-id=\"18dfd9a\" data-element_type=\"container\" data-e-type=\"container\" data-settings=\"{&quot;background_background&quot;:&quot;slideshow&quot;,&quot;background_slideshow_gallery&quot;:[{&quot;id&quot;:1028,&quot;url&quot;:&quot;https:\\\/\\\/lamedia.enmantenimiento.es\\\/wp-content\\\/uploads\\\/DSC6031.jpg&quot;},{&quot;id&quot;:1030,&quot;url&quot;:&quot;https:\\\/\\\/lamedia.enmantenimiento.es\\\/wp-content\\\/uploads\\\/DSC6051.jpg&quot;},{&quot;id&quot;:1035,&quot;url&quot;:&quot;https:\\\/\\\/lamedia.enmantenimiento.es\\\/wp-content\\\/uploads\\\/DSC6107.jpg&quot;},{&quot;id&quot;:1034,&quot;url&quot;:&quot;https:\\\/\\\/lamedia.enmantenimiento.es\\\/wp-content\\\/uploads\\\/DSC6106.jpg&quot;},{&quot;id&quot;:1032,&quot;url&quot;:&quot;https:\\\/\\\/lamedia.enmantenimiento.es\\\/wp-content\\\/uploads\\\/DSC6091.jpg&quot;},{&quot;id&quot;:1033,&quot;url&quot;:&quot;https:\\\/\\\/lamedia.enmantenimiento.es\\\/wp-content\\\/uploads\\\/DSC6104.jpg&quot;},{&quot;id&quot;:1036,&quot;url&quot;:&quot;https:\\\/\\\/lamedia.enmantenimiento.es\\\/wp-content\\\/uploads\\\/DSC6110.jpg&quot;},{&quot;id&quot;:1024,&quot;url&quot;:&quot;https:\\\/\\\/lamedia.enmantenimiento.es\\\/wp-content\\\/uploads\\\/DSC6017-1.jpg&quot;},{&quot;id&quot;:1025,&quot;url&quot;:&quot;https:\\\/\\\/lamedia.enmantenimiento.es\\\/wp-content\\\/uploads\\\/DSC6023-1.jpg&quot;},{&quot;id&quot;:1038,&quot;url&quot;:&quot;https:\\\/\\\/lamedia.enmantenimiento.es\\\/wp-content\\\/uploads\\\/DSC6134.jpg&quot;},{&quot;id&quot;:1029,&quot;url&quot;:&quot;https:\\\/\\\/lamedia.enmantenimiento.es\\\/wp-content\\\/uploads\\\/DSC6050.jpg&quot;}],&quot;background_slideshow_lazyload&quot;:&quot;yes&quot;,&quot;background_slideshow_ken_burns&quot;:&quot;yes&quot;,&quot;background_slideshow_ken_burns_zoom_direction&quot;:&quot;out&quot;,&quot;background_slideshow_slide_duration&quot;:8000,&quot;background_slideshow_loop&quot;:&quot;yes&quot;,&quot;background_slideshow_slide_transition&quot;:&quot;fade&quot;,&quot;background_slideshow_transition_duration&quot;:500}\">\n\t\t\t\t\t<div class=\"e-con-inner\">\n\t\t<div class=\"elementor-element elementor-element-9f7f800 e-con-full e-flex e-con e-child\" data-id=\"9f7f800\" data-element_type=\"container\" data-e-type=\"container\">\n\t\t<div class=\"elementor-element elementor-element-ef78e1c e-con-full e-flex e-con e-child\" data-id=\"ef78e1c\" data-element_type=\"container\" data-e-type=\"container\">\n\t\t\t\t<div class=\"elementor-element elementor-element-4d4aa6d elementor-invisible elementor-widget elementor-widget-heading\" data-id=\"4d4aa6d\" data-element_type=\"widget\" data-e-type=\"widget\" data-settings=\"{&quot;_animation&quot;:&quot;fadeInUp&quot;}\" data-widget_type=\"heading.default\">\n\t\t\t\t\t<h2 class=\"elementor-heading-title elementor-size-default\">Recorrido de la Media Marat\u00f3n de Elche 2027 \u2013 10K <\/h2>\t\t\t\t<\/div>\n\t\t\t\t<\/div>\n\t\t\t\t<\/div>\n\t\t\t\t\t<\/div>\n\t\t\t\t<\/div>\n\t\t<div class=\"elementor-element elementor-element-8104a1b e-flex e-con-boxed e-con e-parent\" data-id=\"8104a1b\" data-element_type=\"container\" data-e-type=\"container\" data-settings=\"{&quot;background_background&quot;:&quot;gradient&quot;}\">\n\t\t\t\t\t<div class=\"e-con-inner\">\n\t\t<div class=\"elementor-element elementor-element-6c5b923 e-con-full e-flex e-con e-child\" data-id=\"6c5b923\" data-element_type=\"container\" data-e-type=\"container\">\n\t\t<div class=\"elementor-element elementor-element-09e6cb8 e-con-full e-flex e-con e-child\" data-id=\"09e6cb8\" data-element_type=\"container\" data-e-type=\"container\">\n\t\t<div class=\"elementor-element elementor-element-41028bf e-con-full e-flex e-con e-child\" data-id=\"41028bf\" data-element_type=\"container\" data-e-type=\"container\">\n\t\t\t\t<div class=\"elementor-element elementor-element-9853b8c elementor-invisible elementor-widget elementor-widget-heading\" data-id=\"9853b8c\" data-element_type=\"widget\" data-e-type=\"widget\" data-settings=\"{&quot;_animation&quot;:&quot;fadeInUp&quot;}\" data-widget_type=\"heading.default\">\n\t\t\t\t\t<h2 class=\"elementor-heading-title elementor-size-default\">\n10K: Recorre el coraz\u00f3n de Elche.\n<\/h2>\t\t\t\t<\/div>\n\t\t<div class=\"elementor-element elementor-element-e5b8b38 e-con-full e-flex e-con e-child\" data-id=\"e5b8b38\" data-element_type=\"container\" data-e-type=\"container\">\n\t\t\t\t<div class=\"elementor-element elementor-element-e952cc7 elementor-widget elementor-widget-text-editor\" data-id=\"e952cc7\" data-element_type=\"widget\" data-e-type=\"widget\" data-widget_type=\"text-editor.default\">\n\t\t\t\t\t\t\t\t\t<p>Un trazado de 10.000 metros que comparte la emoci\u00f3n de los primeros kil\u00f3metros de la Media Marat\u00f3n. Un recorrido homologado y dise\u00f1ado para que disfrutes de la belleza de Elche mientras persigues tu mejor tiempo. \u00a1Siente la energ\u00eda de la ciudad en cada zancada!<\/p><p>Me parece interesante&#8230;\u00a0 A la ves que es un incordio correr tanta gente junta y nos complica la salida, a la vez creo que es un refuerzo si la salida sale bien, el sentirte corriendo mucha gente a la vez (considero que es lo que m\u00e1s llama la atenci\u00f3n a la gente, tener mucha gente a tu ritmo, sin molestar (hay que hacer bien la salida))<\/p><p>\u00a0<\/p>\t\t\t\t\t\t\t\t<\/div>\n\t\t\t\t<\/div>\n\t\t\t\t<\/div>\n\t\t\t\t<\/div>\n\t\t<div class=\"elementor-element elementor-element-46da8b5 e-con-full e-flex e-con e-child\" data-id=\"46da8b5\" data-element_type=\"container\" data-e-type=\"container\" data-settings=\"{&quot;background_background&quot;:&quot;classic&quot;}\">\n\t\t\t\t<div class=\"elementor-element elementor-element-91a06c1 elementor-widget elementor-widget-image\" data-id=\"91a06c1\" data-element_type=\"widget\" data-e-type=\"widget\" data-widget_type=\"image.default\">\n\t\t\t\t\t\t\t\t\t\t\t\t\t\t\t<img fetchpriority=\"high\" decoding=\"async\" width=\"1920\" height=\"1280\" src=\"https:\/\/lamedia.enmantenimiento.es\/wp-content\/uploads\/DSC6023-1.jpg\" class=\"attachment-full size-full wp-image-1025\" alt=\"\" srcset=\"https:\/\/lamedia.enmantenimiento.es\/wp-content\/uploads\/DSC6023-1.jpg 1920w, https:\/\/lamedia.enmantenimiento.es\/wp-content\/uploads\/DSC6023-1-300x200.jpg 300w, https:\/\/lamedia.enmantenimiento.es\/wp-content\/uploads\/DSC6023-1-1024x683.jpg 1024w, https:\/\/lamedia.enmantenimiento.es\/wp-content\/uploads\/DSC6023-1-768x512.jpg 768w, https:\/\/lamedia.enmantenimiento.es\/wp-content\/uploads\/DSC6023-1-1536x1024.jpg 1536w\" sizes=\"(max-width: 1920px) 100vw, 1920px\" \/>\t\t\t\t\t\t\t\t\t\t\t\t\t\t\t<\/div>\n\t\t\t\t<\/div>\n\t\t\t\t<\/div>\n\t\t\t\t\t<\/div>\n\t\t\t\t<\/div>\n\t\t<div class=\"elementor-element elementor-element-5072cdd e-flex e-con-boxed e-con e-parent\" data-id=\"5072cdd\" data-element_type=\"container\" data-e-type=\"container\" data-settings=\"{&quot;background_background&quot;:&quot;classic&quot;}\">\n\t\t\t\t\t<div class=\"e-con-inner\">\n\t\t\t\t<div class=\"elementor-element elementor-element-26b1015 elementor-widget elementor-widget-html\" data-id=\"26b1015\" data-element_type=\"widget\" data-e-type=\"widget\" data-widget_type=\"html.default\">\n\t\t\t\t\t<div style=\"width: 100%; height: 900px; overflow: hidden;\"><iframe style=\"border: 0; display: block;\" src=\"https:\/\/www.google.com\/maps\/d\/embed?mid=1nTkhWeXbLQN-gBHIAqDlcrmanYZehq0&amp;ehbc=2E312F\" width=\"100%\" height=\"100%\">\n<\/iframe><\/div>\t\t\t\t<\/div>\n\t\t\t\t\t<\/div>\n\t\t\t\t<\/div>\n\t\t\t\t<\/div>\n\t\t","protected":false},"excerpt":{"rendered":"<p>Recorrido de la Media Marat\u00f3n de Elche 2027 \u2013 10K 10K: Recorre el coraz\u00f3n de Elche. Un trazado de 10.000 metros que comparte la emoci\u00f3n de los primeros kil\u00f3metros de la Media Marat\u00f3n. Un recorrido homologado y dise\u00f1ado para que disfrutes de la belleza de Elche mientras persigues tu mejor tiempo. \u00a1Siente la energ\u00eda de [&hellip;]<\/p>\n","protected":false},"author":1,"featured_media":0,"parent":0,"menu_order":0,"comment_status":"closed","ping_status":"closed","template":"","meta":{"footnotes":""},"class_list":["post-1342","page","type-page","status-publish","hentry"],"yoast_head":"<!-- This site is optimized with the Yoast SEO plugin v28.4 - https:\/\/yoast.com\/product\/yoast-seo-wordpress\/ -->\n<title>Recorrido Media Marat\u00f3n de Elche 2027 | Modalidad 10km<\/title>\n<meta name=\"description\" content=\"Descubre el recorrido homologado de la Media Marat\u00f3n de Elche 2027. Consulta el mapa, el trazado y los puntos principales del circuito de 10K.\" \/>\n<meta name=\"robots\" content=\"noindex, follow, max-snippet:-1, max-image-preview:large, max-video-preview:-1\" \/>\n<meta property=\"og:locale\" content=\"es_ES\" \/>\n<meta property=\"og:type\" content=\"article\" \/>\n<meta property=\"og:title\" content=\"Recorrido Media Marat\u00f3n de Elche 2027 | Modalidad 10km\" \/>\n<meta property=\"og:description\" content=\"Descubre el recorrido homologado de la Media Marat\u00f3n de Elche 2027. Consulta el mapa, el trazado y los puntos principales del circuito de 10K.\" \/>\n<meta property=\"og:url\" content=\"https:\/\/lamedia.enmantenimiento.es\/index.php\/recorrido-10k\/\" \/>\n<meta property=\"og:site_name\" content=\"La Media\" \/>\n<meta property=\"article:modified_time\" content=\"2026-09-04T09:08:34+00:00\" \/>\n<meta property=\"og:image\" content=\"https:\/\/lamedia.enmantenimiento.es\/wp-content\/uploads\/DSC6023-1.jpg\" \/>\n<meta name=\"twitter:card\" content=\"summary_large_image\" \/>\n<meta name=\"twitter:label1\" content=\"Tiempo de lectura\" \/>\n\t<meta name=\"twitter:data1\" content=\"1 minuto\" \/>\n<script type=\"application\/ld+json\" class=\"yoast-schema-graph\">{\"@context\":\"https:\\\/\\\/schema.org\",\"@graph\":[{\"@type\":\"WebPage\",\"@id\":\"https:\\\/\\\/lamedia.enmantenimiento.es\\\/index.php\\\/recorrido-10k\\\/\",\"url\":\"https:\\\/\\\/lamedia.enmantenimiento.es\\\/index.php\\\/recorrido-10k\\\/\",\"name\":\"Recorrido Media Marat\u00f3n de Elche 2027 | Modalidad 10km\",\"isPartOf\":{\"@id\":\"https:\\\/\\\/lamedia.enmantenimiento.es\\\/#website\"},\"primaryImageOfPage\":{\"@id\":\"https:\\\/\\\/lamedia.enmantenimiento.es\\\/index.php\\\/recorrido-10k\\\/#primaryimage\"},\"image\":{\"@id\":\"https:\\\/\\\/lamedia.enmantenimiento.es\\\/index.php\\\/recorrido-10k\\\/#primaryimage\"},\"thumbnailUrl\":\"https:\\\/\\\/lamedia.enmantenimiento.es\\\/wp-content\\\/uploads\\\/DSC6023-1.jpg\",\"datePublished\":\"2026-09-02T12:52:25+00:00\",\"dateModified\":\"2026-09-04T09:08:34+00:00\",\"description\":\"Descubre el recorrido homologado de la Media Marat\u00f3n de Elche 2027. Consulta el mapa, el trazado y los puntos principales del circuito de 10K.\",\"breadcrumb\":{\"@id\":\"https:\\\/\\\/lamedia.enmantenimiento.es\\\/index.php\\\/recorrido-10k\\\/#breadcrumb\"},\"inLanguage\":\"es\",\"potentialAction\":[{\"@type\":\"ReadAction\",\"target\":[\"https:\\\/\\\/lamedia.enmantenimiento.es\\\/index.php\\\/recorrido-10k\\\/\"]}]},{\"@type\":\"ImageObject\",\"inLanguage\":\"es\",\"@id\":\"https:\\\/\\\/lamedia.enmantenimiento.es\\\/index.php\\\/recorrido-10k\\\/#primaryimage\",\"url\":\"https:\\\/\\\/lamedia.enmantenimiento.es\\\/wp-content\\\/uploads\\\/DSC6023-1.jpg\",\"contentUrl\":\"https:\\\/\\\/lamedia.enmantenimiento.es\\\/wp-content\\\/uploads\\\/DSC6023-1.jpg\",\"width\":1920,\"height\":1280},{\"@type\":\"BreadcrumbList\",\"@id\":\"https:\\\/\\\/lamedia.enmantenimiento.es\\\/index.php\\\/recorrido-10k\\\/#breadcrumb\",\"itemListElement\":[{\"@type\":\"ListItem\",\"position\":1,\"name\":\"Portada\",\"item\":\"https:\\\/\\\/lamedia.enmantenimiento.es\\\/\"},{\"@type\":\"ListItem\",\"position\":2,\"name\":\"Recorrido 10K\"}]},{\"@type\":\"WebSite\",\"@id\":\"https:\\\/\\\/lamedia.enmantenimiento.es\\\/#website\",\"url\":\"https:\\\/\\\/lamedia.enmantenimiento.es\\\/\",\"name\":\"La Media\",\"description\":\"\",\"potentialAction\":[{\"@type\":\"SearchAction\",\"target\":{\"@type\":\"EntryPoint\",\"urlTemplate\":\"https:\\\/\\\/lamedia.enmantenimiento.es\\\/?s={search_term_string}\"},\"query-input\":{\"@type\":\"PropertyValueSpecification\",\"valueRequired\":true,\"valueName\":\"search_term_string\"}}],\"inLanguage\":\"es\"}]}<\/script>\n<!-- \/ Yoast SEO plugin. -->","yoast_head_json":{"title":"Recorrido Media Marat\u00f3n de Elche 2027 | Modalidad 10km","description":"Descubre el recorrido homologado de la Media Marat\u00f3n de Elche 2027. Consulta el mapa, el trazado y los puntos principales del circuito de 10K.","robots":{"index":"noindex","follow":"follow","max-snippet":"max-snippet:-1","max-image-preview":"max-image-preview:large","max-video-preview":"max-video-preview:-1"},"og_locale":"es_ES","og_type":"article","og_title":"Recorrido Media Marat\u00f3n de Elche 2027 | Modalidad 10km","og_description":"Descubre el recorrido homologado de la Media Marat\u00f3n de Elche 2027. Consulta el mapa, el trazado y los puntos principales del circuito de 10K.","og_url":"https:\/\/lamedia.enmantenimiento.es\/index.php\/recorrido-10k\/","og_site_name":"La Media","article_modified_time":"2026-09-04T09:08:34+00:00","og_image":[{"url":"https:\/\/lamedia.enmantenimiento.es\/wp-content\/uploads\/DSC6023-1.jpg","type":"","width":"","height":""}],"twitter_card":"summary_large_image","twitter_misc":{"Tiempo de lectura":"1 minuto"},"schema":{"@context":"https:\/\/schema.org","@graph":[{"@type":"WebPage","@id":"https:\/\/lamedia.enmantenimiento.es\/index.php\/recorrido-10k\/","url":"https:\/\/lamedia.enmantenimiento.es\/index.php\/recorrido-10k\/","name":"Recorrido Media Marat\u00f3n de Elche 2027 | Modalidad 10km","isPartOf":{"@id":"https:\/\/lamedia.enmantenimiento.es\/#website"},"primaryImageOfPage":{"@id":"https:\/\/lamedia.enmantenimiento.es\/index.php\/recorrido-10k\/#primaryimage"},"image":{"@id":"https:\/\/lamedia.enmantenimiento.es\/index.php\/recorrido-10k\/#primaryimage"},"thumbnailUrl":"https:\/\/lamedia.enmantenimiento.es\/wp-content\/uploads\/DSC6023-1.jpg","datePublished":"2026-09-02T12:52:25+00:00","dateModified":"2026-09-04T09:08:34+00:00","description":"Descubre el recorrido homologado de la Media Marat\u00f3n de Elche 2027. Consulta el mapa, el trazado y los puntos principales del circuito de 10K.","breadcrumb":{"@id":"https:\/\/lamedia.enmantenimiento.es\/index.php\/recorrido-10k\/#breadcrumb"},"inLanguage":"es","potentialAction":[{"@type":"ReadAction","target":["https:\/\/lamedia.enmantenimiento.es\/index.php\/recorrido-10k\/"]}]},{"@type":"ImageObject","inLanguage":"es","@id":"https:\/\/lamedia.enmantenimiento.es\/index.php\/recorrido-10k\/#primaryimage","url":"https:\/\/lamedia.enmantenimiento.es\/wp-content\/uploads\/DSC6023-1.jpg","contentUrl":"https:\/\/lamedia.enmantenimiento.es\/wp-content\/uploads\/DSC6023-1.jpg","width":1920,"height":1280},{"@type":"BreadcrumbList","@id":"https:\/\/lamedia.enmantenimiento.es\/index.php\/recorrido-10k\/#breadcrumb","itemListElement":[{"@type":"ListItem","position":1,"name":"Portada","item":"https:\/\/lamedia.enmantenimiento.es\/"},{"@type":"ListItem","position":2,"name":"Recorrido 10K"}]},{"@type":"WebSite","@id":"https:\/\/lamedia.enmantenimiento.es\/#website","url":"https:\/\/lamedia.enmantenimiento.es\/","name":"La Media","description":"","potentialAction":[{"@type":"SearchAction","target":{"@type":"EntryPoint","urlTemplate":"https:\/\/lamedia.enmantenimiento.es\/?s={search_term_string}"},"query-input":{"@type":"PropertyValueSpecification","valueRequired":true,"valueName":"search_term_string"}}],"inLanguage":"es"}]}},"_links":{"self":[{"href":"https:\/\/lamedia.enmantenimiento.es\/index.php\/wp-json\/wp\/v2\/pages\/1342","targetHints":{"allow":["GET"]}}],"collection":[{"href":"https:\/\/lamedia.enmantenimiento.es\/index.php\/wp-json\/wp\/v2\/pages"}],"about":[{"href":"https:\/\/lamedia.enmantenimiento.es\/index.php\/wp-json\/wp\/v2\/types\/page"}],"author":[{"embeddable":true,"href":"https:\/\/lamedia.enmantenimiento.es\/index.php\/wp-json\/wp\/v2\/users\/1"}],"replies":[{"embeddable":true,"href":"https:\/\/lamedia.enmantenimiento.es\/index.php\/wp-json\/wp\/v2\/comments?post=1342"}],"version-history":[{"count":28,"href":"https:\/\/lamedia.enmantenimiento.es\/index.php\/wp-json\/wp\/v2\/pages\/1342\/revisions"}],"predecessor-version":[{"id":2129,"href":"https:\/\/lamedia.enmantenimiento.es\/index.php\/wp-json\/wp\/v2\/pages\/1342\/revisions\/2129"}],"wp:attachment":[{"href":"https:\/\/lamedia.enmantenimiento.es\/index.php\/wp-json\/wp\/v2\/media?parent=1342"}],"curies":[{"name":"wp","href":"https:\/\/api.w.org\/{rel}","templated":true}]}}