{"id":1339,"date":"2026-09-02T14:52:17","date_gmt":"2026-09-02T12:52:17","guid":{"rendered":"https:\/\/lamedia.enmantenimiento.es\/?page_id=1339"},"modified":"2026-09-04T11:08:16","modified_gmt":"2026-09-04T09:08:16","slug":"reglamento-10k","status":"publish","type":"page","link":"https:\/\/lamedia.enmantenimiento.es\/index.php\/reglamento-10k\/","title":{"rendered":"Reglamento 10K"},"content":{"rendered":"\t\t<div data-elementor-type=\"wp-page\" data-elementor-id=\"1339\" class=\"elementor elementor-1339\" data-elementor-post-type=\"page\">\n\t\t\t\t<div class=\"elementor-element elementor-element-084c7ce e-flex e-con-boxed e-con e-parent\" data-id=\"084c7ce\" data-element_type=\"container\" data-e-type=\"container\" data-settings=\"{&quot;background_background&quot;:&quot;slideshow&quot;,&quot;background_slideshow_gallery&quot;:[{&quot;id&quot;:1028,&quot;url&quot;:&quot;https:\\\/\\\/lamedia.enmantenimiento.es\\\/wp-content\\\/uploads\\\/DSC6031.jpg&quot;},{&quot;id&quot;:1030,&quot;url&quot;:&quot;https:\\\/\\\/lamedia.enmantenimiento.es\\\/wp-content\\\/uploads\\\/DSC6051.jpg&quot;},{&quot;id&quot;:1035,&quot;url&quot;:&quot;https:\\\/\\\/lamedia.enmantenimiento.es\\\/wp-content\\\/uploads\\\/DSC6107.jpg&quot;},{&quot;id&quot;:1034,&quot;url&quot;:&quot;https:\\\/\\\/lamedia.enmantenimiento.es\\\/wp-content\\\/uploads\\\/DSC6106.jpg&quot;},{&quot;id&quot;:1032,&quot;url&quot;:&quot;https:\\\/\\\/lamedia.enmantenimiento.es\\\/wp-content\\\/uploads\\\/DSC6091.jpg&quot;},{&quot;id&quot;:1033,&quot;url&quot;:&quot;https:\\\/\\\/lamedia.enmantenimiento.es\\\/wp-content\\\/uploads\\\/DSC6104.jpg&quot;},{&quot;id&quot;:1036,&quot;url&quot;:&quot;https:\\\/\\\/lamedia.enmantenimiento.es\\\/wp-content\\\/uploads\\\/DSC6110.jpg&quot;},{&quot;id&quot;:1024,&quot;url&quot;:&quot;https:\\\/\\\/lamedia.enmantenimiento.es\\\/wp-content\\\/uploads\\\/DSC6017-1.jpg&quot;},{&quot;id&quot;:1025,&quot;url&quot;:&quot;https:\\\/\\\/lamedia.enmantenimiento.es\\\/wp-content\\\/uploads\\\/DSC6023-1.jpg&quot;},{&quot;id&quot;:1038,&quot;url&quot;:&quot;https:\\\/\\\/lamedia.enmantenimiento.es\\\/wp-content\\\/uploads\\\/DSC6134.jpg&quot;},{&quot;id&quot;:1029,&quot;url&quot;:&quot;https:\\\/\\\/lamedia.enmantenimiento.es\\\/wp-content\\\/uploads\\\/DSC6050.jpg&quot;}],&quot;background_slideshow_lazyload&quot;:&quot;yes&quot;,&quot;background_slideshow_ken_burns&quot;:&quot;yes&quot;,&quot;background_slideshow_ken_burns_zoom_direction&quot;:&quot;out&quot;,&quot;background_slideshow_slide_duration&quot;:8000,&quot;background_slideshow_loop&quot;:&quot;yes&quot;,&quot;background_slideshow_slide_transition&quot;:&quot;fade&quot;,&quot;background_slideshow_transition_duration&quot;:500}\">\n\t\t\t\t\t<div class=\"e-con-inner\">\n\t\t<div class=\"elementor-element elementor-element-6e2f053 e-con-full e-flex e-con e-child\" data-id=\"6e2f053\" data-element_type=\"container\" data-e-type=\"container\">\n\t\t<div class=\"elementor-element elementor-element-d3b02dd e-con-full e-flex e-con e-child\" data-id=\"d3b02dd\" data-element_type=\"container\" data-e-type=\"container\">\n\t\t\t\t<div class=\"elementor-element elementor-element-ffc0cf2 elementor-invisible elementor-widget elementor-widget-heading\" data-id=\"ffc0cf2\" data-element_type=\"widget\" data-e-type=\"widget\" data-settings=\"{&quot;_animation&quot;:&quot;fadeInUp&quot;}\" data-widget_type=\"heading.default\">\n\t\t\t\t\t<h2 class=\"elementor-heading-title elementor-size-default\">Reglamento de la Media Marat\u00f3n de Elche 2027 - 10K<\/h2>\t\t\t\t<\/div>\n\t\t\t\t<\/div>\n\t\t\t\t<\/div>\n\t\t\t\t\t<\/div>\n\t\t\t\t<\/div>\n\t\t<div class=\"elementor-element elementor-element-d3d0754 e-flex e-con-boxed e-con e-parent\" data-id=\"d3d0754\" data-element_type=\"container\" data-e-type=\"container\" data-settings=\"{&quot;background_background&quot;:&quot;gradient&quot;}\">\n\t\t\t\t\t<div class=\"e-con-inner\">\n\t\t\t\t<div class=\"elementor-element elementor-element-11665fc elementor-widget elementor-widget-html\" data-id=\"11665fc\" data-element_type=\"widget\" data-e-type=\"widget\" data-widget_type=\"html.default\">\n\t\t\t\t\t<div class=\"pdf-container\">\n    <iframe \n        src=\"https:\/\/lamedia.enmantenimiento.es\/wp-content\/uploads\/Reglamento_III_10K_Media-2027.pdf#view=FitH&=0&navpanes=0\"\n        title=\"Reglamento Media Marat\u00f3n Elche 2027\"\n        loading=\"lazy\">\n    <\/iframe>\n<\/div>\n\n<style>\n.pdf-container {\n    width: 100%;\n    height: 80vh;\n    min-height: 900px;\n    overflow: hidden;\n    border-radius: 0px;\n    box-shadow: 0 10px 40px rgba(0,0,0,0.15);\n    background: #f2f2f2;\n}\n\n.pdf-container iframe {\n    width: 100%;\n    height: 100%;\n    border: none;\n    display: block;\n}\n<\/style>\t\t\t\t<\/div>\n\t\t\t\t\t<\/div>\n\t\t\t\t<\/div>\n\t\t<div class=\"elementor-element elementor-element-83e9c00 e-flex e-con-boxed e-con e-parent\" data-id=\"83e9c00\" data-element_type=\"container\" data-e-type=\"container\">\n\t\t\t\t\t<div class=\"e-con-inner\">\n\t\t\t\t<div class=\"elementor-element elementor-element-196db00 elementor-widget-elementskit-dual-button-center elementor-widget elementor-widget-elementskit-dual-button\" data-id=\"196db00\" data-element_type=\"widget\" data-e-type=\"widget\" data-widget_type=\"elementskit-dual-button.default\">\n\t\t\t\t\t<div class=\"ekit-wid-con\" >\n                <div class=\"ekit-element-align-wrapper\">\n                    <div class=\"ekit_double_button\">                <a class=\"ekit-double-btn ekit-double-btn-one\" href=\"#\">\n                    INCRIPCI\u00d3N                <\/a>\n            \n            <a class=\"ekit-double-btn ekit-double-btn-two\" href=\"#\">\n                    DESCARGA EL REGLAMENTO                <\/a>\n                  <\/div>\n                <\/div>\n            <\/div>\t\t\t\t<\/div>\n\t\t\t\t\t<\/div>\n\t\t\t\t<\/div>\n\t\t\t\t<\/div>\n\t\t","protected":false},"excerpt":{"rendered":"<p>Reglamento de la Media Marat\u00f3n de Elche 2027 &#8211; 10K INCRIPCI\u00d3N DESCARGA EL REGLAMENTO<\/p>\n","protected":false},"author":1,"featured_media":0,"parent":0,"menu_order":0,"comment_status":"closed","ping_status":"closed","template":"","meta":{"footnotes":""},"class_list":["post-1339","page","type-page","status-publish","hentry"],"yoast_head":"<!-- This site is optimized with the Yoast SEO plugin v28.4 - https:\/\/yoast.com\/product\/yoast-seo-wordpress\/ -->\n<title>Reglamento Media Marat\u00f3n de Elche 2027 | Modalidad 10km<\/title>\n<meta name=\"description\" content=\"Consulta el reglamento oficial de la Media Marat\u00f3n de Elche de 10K: participaci\u00f3n, dorsales, categor\u00edas, tiempos m\u00e1ximos, premios y normativa.\" \/>\n<meta name=\"robots\" content=\"noindex, follow, max-snippet:-1, max-image-preview:large, max-video-preview:-1\" \/>\n<meta property=\"og:locale\" content=\"es_ES\" \/>\n<meta property=\"og:type\" content=\"article\" \/>\n<meta property=\"og:title\" content=\"Reglamento Media Marat\u00f3n de Elche 2027 | Modalidad 10km\" \/>\n<meta property=\"og:description\" content=\"Consulta el reglamento oficial de la Media Marat\u00f3n de Elche de 10K: participaci\u00f3n, dorsales, categor\u00edas, tiempos m\u00e1ximos, premios y normativa.\" \/>\n<meta property=\"og:url\" content=\"https:\/\/lamedia.enmantenimiento.es\/index.php\/reglamento-10k\/\" \/>\n<meta property=\"og:site_name\" content=\"La Media\" \/>\n<meta property=\"article:modified_time\" content=\"2026-09-04T09:08:16+00:00\" \/>\n<meta name=\"twitter:card\" content=\"summary_large_image\" \/>\n<meta name=\"twitter:label1\" content=\"Tiempo de lectura\" \/>\n\t<meta name=\"twitter:data1\" content=\"1 minuto\" \/>\n<script type=\"application\/ld+json\" class=\"yoast-schema-graph\">{\"@context\":\"https:\\\/\\\/schema.org\",\"@graph\":[{\"@type\":\"WebPage\",\"@id\":\"https:\\\/\\\/lamedia.enmantenimiento.es\\\/index.php\\\/reglamento-10k\\\/\",\"url\":\"https:\\\/\\\/lamedia.enmantenimiento.es\\\/index.php\\\/reglamento-10k\\\/\",\"name\":\"Reglamento Media Marat\u00f3n de Elche 2027 | Modalidad 10km\",\"isPartOf\":{\"@id\":\"https:\\\/\\\/lamedia.enmantenimiento.es\\\/#website\"},\"datePublished\":\"2026-09-02T12:52:17+00:00\",\"dateModified\":\"2026-09-04T09:08:16+00:00\",\"description\":\"Consulta el reglamento oficial de la Media Marat\u00f3n de Elche de 10K: participaci\u00f3n, dorsales, categor\u00edas, tiempos m\u00e1ximos, premios y normativa.\",\"breadcrumb\":{\"@id\":\"https:\\\/\\\/lamedia.enmantenimiento.es\\\/index.php\\\/reglamento-10k\\\/#breadcrumb\"},\"inLanguage\":\"es\",\"potentialAction\":[{\"@type\":\"ReadAction\",\"target\":[\"https:\\\/\\\/lamedia.enmantenimiento.es\\\/index.php\\\/reglamento-10k\\\/\"]}]},{\"@type\":\"BreadcrumbList\",\"@id\":\"https:\\\/\\\/lamedia.enmantenimiento.es\\\/index.php\\\/reglamento-10k\\\/#breadcrumb\",\"itemListElement\":[{\"@type\":\"ListItem\",\"position\":1,\"name\":\"Portada\",\"item\":\"https:\\\/\\\/lamedia.enmantenimiento.es\\\/\"},{\"@type\":\"ListItem\",\"position\":2,\"name\":\"Reglamento 10K\"}]},{\"@type\":\"WebSite\",\"@id\":\"https:\\\/\\\/lamedia.enmantenimiento.es\\\/#website\",\"url\":\"https:\\\/\\\/lamedia.enmantenimiento.es\\\/\",\"name\":\"La Media\",\"description\":\"\",\"potentialAction\":[{\"@type\":\"SearchAction\",\"target\":{\"@type\":\"EntryPoint\",\"urlTemplate\":\"https:\\\/\\\/lamedia.enmantenimiento.es\\\/?s={search_term_string}\"},\"query-input\":{\"@type\":\"PropertyValueSpecification\",\"valueRequired\":true,\"valueName\":\"search_term_string\"}}],\"inLanguage\":\"es\"}]}<\/script>\n<!-- \/ Yoast SEO plugin. -->","yoast_head_json":{"title":"Reglamento Media Marat\u00f3n de Elche 2027 | Modalidad 10km","description":"Consulta el reglamento oficial de la Media Marat\u00f3n de Elche de 10K: participaci\u00f3n, dorsales, categor\u00edas, tiempos m\u00e1ximos, premios y normativa.","robots":{"index":"noindex","follow":"follow","max-snippet":"max-snippet:-1","max-image-preview":"max-image-preview:large","max-video-preview":"max-video-preview:-1"},"og_locale":"es_ES","og_type":"article","og_title":"Reglamento Media Marat\u00f3n de Elche 2027 | Modalidad 10km","og_description":"Consulta el reglamento oficial de la Media Marat\u00f3n de Elche de 10K: participaci\u00f3n, dorsales, categor\u00edas, tiempos m\u00e1ximos, premios y normativa.","og_url":"https:\/\/lamedia.enmantenimiento.es\/index.php\/reglamento-10k\/","og_site_name":"La Media","article_modified_time":"2026-09-04T09:08:16+00:00","twitter_card":"summary_large_image","twitter_misc":{"Tiempo de lectura":"1 minuto"},"schema":{"@context":"https:\/\/schema.org","@graph":[{"@type":"WebPage","@id":"https:\/\/lamedia.enmantenimiento.es\/index.php\/reglamento-10k\/","url":"https:\/\/lamedia.enmantenimiento.es\/index.php\/reglamento-10k\/","name":"Reglamento Media Marat\u00f3n de Elche 2027 | Modalidad 10km","isPartOf":{"@id":"https:\/\/lamedia.enmantenimiento.es\/#website"},"datePublished":"2026-09-02T12:52:17+00:00","dateModified":"2026-09-04T09:08:16+00:00","description":"Consulta el reglamento oficial de la Media Marat\u00f3n de Elche de 10K: participaci\u00f3n, dorsales, categor\u00edas, tiempos m\u00e1ximos, premios y normativa.","breadcrumb":{"@id":"https:\/\/lamedia.enmantenimiento.es\/index.php\/reglamento-10k\/#breadcrumb"},"inLanguage":"es","potentialAction":[{"@type":"ReadAction","target":["https:\/\/lamedia.enmantenimiento.es\/index.php\/reglamento-10k\/"]}]},{"@type":"BreadcrumbList","@id":"https:\/\/lamedia.enmantenimiento.es\/index.php\/reglamento-10k\/#breadcrumb","itemListElement":[{"@type":"ListItem","position":1,"name":"Portada","item":"https:\/\/lamedia.enmantenimiento.es\/"},{"@type":"ListItem","position":2,"name":"Reglamento 10K"}]},{"@type":"WebSite","@id":"https:\/\/lamedia.enmantenimiento.es\/#website","url":"https:\/\/lamedia.enmantenimiento.es\/","name":"La Media","description":"","potentialAction":[{"@type":"SearchAction","target":{"@type":"EntryPoint","urlTemplate":"https:\/\/lamedia.enmantenimiento.es\/?s={search_term_string}"},"query-input":{"@type":"PropertyValueSpecification","valueRequired":true,"valueName":"search_term_string"}}],"inLanguage":"es"}]}},"_links":{"self":[{"href":"https:\/\/lamedia.enmantenimiento.es\/index.php\/wp-json\/wp\/v2\/pages\/1339","targetHints":{"allow":["GET"]}}],"collection":[{"href":"https:\/\/lamedia.enmantenimiento.es\/index.php\/wp-json\/wp\/v2\/pages"}],"about":[{"href":"https:\/\/lamedia.enmantenimiento.es\/index.php\/wp-json\/wp\/v2\/types\/page"}],"author":[{"embeddable":true,"href":"https:\/\/lamedia.enmantenimiento.es\/index.php\/wp-json\/wp\/v2\/users\/1"}],"replies":[{"embeddable":true,"href":"https:\/\/lamedia.enmantenimiento.es\/index.php\/wp-json\/wp\/v2\/comments?post=1339"}],"version-history":[{"count":4,"href":"https:\/\/lamedia.enmantenimiento.es\/index.php\/wp-json\/wp\/v2\/pages\/1339\/revisions"}],"predecessor-version":[{"id":2102,"href":"https:\/\/lamedia.enmantenimiento.es\/index.php\/wp-json\/wp\/v2\/pages\/1339\/revisions\/2102"}],"wp:attachment":[{"href":"https:\/\/lamedia.enmantenimiento.es\/index.php\/wp-json\/wp\/v2\/media?parent=1339"}],"curies":[{"name":"wp","href":"https:\/\/api.w.org\/{rel}","templated":true}]}}