{"id":1337,"date":"2026-09-02T14:51:22","date_gmt":"2026-09-02T12:51:22","guid":{"rendered":"https:\/\/lamedia.enmantenimiento.es\/?page_id=1337"},"modified":"2026-09-04T11:06:41","modified_gmt":"2026-09-04T09:06:41","slug":"bolsa-del-corredor-21k","status":"publish","type":"page","link":"https:\/\/lamedia.enmantenimiento.es\/index.php\/bolsa-del-corredor-21k\/","title":{"rendered":"Bolsa del Corredor 21K"},"content":{"rendered":"\t\t<div data-elementor-type=\"wp-page\" data-elementor-id=\"1337\" class=\"elementor elementor-1337\" data-elementor-post-type=\"page\">\n\t\t\t\t<div class=\"elementor-element elementor-element-5071b0e e-flex e-con-boxed e-con e-parent\" data-id=\"5071b0e\" data-element_type=\"container\" data-e-type=\"container\" data-settings=\"{&quot;background_background&quot;:&quot;slideshow&quot;,&quot;background_slideshow_gallery&quot;:[{&quot;id&quot;:1028,&quot;url&quot;:&quot;https:\\\/\\\/lamedia.enmantenimiento.es\\\/wp-content\\\/uploads\\\/DSC6031.jpg&quot;},{&quot;id&quot;:1030,&quot;url&quot;:&quot;https:\\\/\\\/lamedia.enmantenimiento.es\\\/wp-content\\\/uploads\\\/DSC6051.jpg&quot;},{&quot;id&quot;:1035,&quot;url&quot;:&quot;https:\\\/\\\/lamedia.enmantenimiento.es\\\/wp-content\\\/uploads\\\/DSC6107.jpg&quot;},{&quot;id&quot;:1034,&quot;url&quot;:&quot;https:\\\/\\\/lamedia.enmantenimiento.es\\\/wp-content\\\/uploads\\\/DSC6106.jpg&quot;},{&quot;id&quot;:1032,&quot;url&quot;:&quot;https:\\\/\\\/lamedia.enmantenimiento.es\\\/wp-content\\\/uploads\\\/DSC6091.jpg&quot;},{&quot;id&quot;:1033,&quot;url&quot;:&quot;https:\\\/\\\/lamedia.enmantenimiento.es\\\/wp-content\\\/uploads\\\/DSC6104.jpg&quot;},{&quot;id&quot;:1036,&quot;url&quot;:&quot;https:\\\/\\\/lamedia.enmantenimiento.es\\\/wp-content\\\/uploads\\\/DSC6110.jpg&quot;},{&quot;id&quot;:1024,&quot;url&quot;:&quot;https:\\\/\\\/lamedia.enmantenimiento.es\\\/wp-content\\\/uploads\\\/DSC6017-1.jpg&quot;},{&quot;id&quot;:1025,&quot;url&quot;:&quot;https:\\\/\\\/lamedia.enmantenimiento.es\\\/wp-content\\\/uploads\\\/DSC6023-1.jpg&quot;},{&quot;id&quot;:1038,&quot;url&quot;:&quot;https:\\\/\\\/lamedia.enmantenimiento.es\\\/wp-content\\\/uploads\\\/DSC6134.jpg&quot;},{&quot;id&quot;:1029,&quot;url&quot;:&quot;https:\\\/\\\/lamedia.enmantenimiento.es\\\/wp-content\\\/uploads\\\/DSC6050.jpg&quot;}],&quot;background_slideshow_lazyload&quot;:&quot;yes&quot;,&quot;background_slideshow_ken_burns&quot;:&quot;yes&quot;,&quot;background_slideshow_ken_burns_zoom_direction&quot;:&quot;out&quot;,&quot;background_slideshow_slide_duration&quot;:8000,&quot;background_slideshow_loop&quot;:&quot;yes&quot;,&quot;background_slideshow_slide_transition&quot;:&quot;fade&quot;,&quot;background_slideshow_transition_duration&quot;:500}\">\n\t\t\t\t\t<div class=\"e-con-inner\">\n\t\t<div class=\"elementor-element elementor-element-65f789f e-con-full e-flex e-con e-child\" data-id=\"65f789f\" data-element_type=\"container\" data-e-type=\"container\">\n\t\t<div class=\"elementor-element elementor-element-8ca0924 e-con-full e-flex e-con e-child\" data-id=\"8ca0924\" data-element_type=\"container\" data-e-type=\"container\">\n\t\t\t\t<div class=\"elementor-element elementor-element-27a7c02 elementor-invisible elementor-widget elementor-widget-heading\" data-id=\"27a7c02\" data-element_type=\"widget\" data-e-type=\"widget\" data-settings=\"{&quot;_animation&quot;:&quot;fadeInUp&quot;}\" data-widget_type=\"heading.default\">\n\t\t\t\t\t<h2 class=\"elementor-heading-title elementor-size-default\">Bolsa del corredor de la Media Marat\u00f3n de Elche - 21K<\/h2>\t\t\t\t<\/div>\n\t\t\t\t<\/div>\n\t\t\t\t<\/div>\n\t\t\t\t\t<\/div>\n\t\t\t\t<\/div>\n\t\t<div class=\"elementor-element elementor-element-be25cc9 e-flex e-con-boxed e-con e-parent\" data-id=\"be25cc9\" data-element_type=\"container\" data-e-type=\"container\" data-settings=\"{&quot;background_background&quot;:&quot;gradient&quot;}\">\n\t\t\t\t\t<div class=\"e-con-inner\">\n\t\t<div class=\"elementor-element elementor-element-aeeda1d e-con-full e-flex e-con e-child\" data-id=\"aeeda1d\" data-element_type=\"container\" data-e-type=\"container\">\n\t\t<div class=\"elementor-element elementor-element-2ad422c e-con-full e-flex e-con e-child\" data-id=\"2ad422c\" data-element_type=\"container\" data-e-type=\"container\">\n\t\t<div class=\"elementor-element elementor-element-21a7b94 e-con-full e-flex e-con e-child\" data-id=\"21a7b94\" data-element_type=\"container\" data-e-type=\"container\">\n\t\t\t\t<div class=\"elementor-element elementor-element-54e6010 elementor-invisible elementor-widget elementor-widget-heading\" data-id=\"54e6010\" data-element_type=\"widget\" data-e-type=\"widget\" data-settings=\"{&quot;_animation&quot;:&quot;fadeInUp&quot;}\" data-widget_type=\"heading.default\">\n\t\t\t\t\t<h2 class=\"elementor-heading-title elementor-size-default\">\nTu kit de runner: La bolsa del corredor de la Media Marat\u00f3n.\n<\/h2>\t\t\t\t<\/div>\n\t\t<div class=\"elementor-element elementor-element-997d81c e-con-full e-flex e-con e-child\" data-id=\"997d81c\" data-element_type=\"container\" data-e-type=\"container\">\n\t\t\t\t<div class=\"elementor-element elementor-element-c05948e elementor-widget elementor-widget-text-editor\" data-id=\"c05948e\" data-element_type=\"widget\" data-e-type=\"widget\" data-widget_type=\"text-editor.default\">\n\t\t\t\t\t\t\t\t\t<p>Tu bolsa del corredor es un homenaje a tu esfuerzo. Incluye:<\/p>\t\t\t\t\t\t\t\t<\/div>\n\t\t\t\t<div class=\"elementor-element elementor-element-62a7abf elementor-icon-list--layout-traditional elementor-list-item-link-full_width elementor-widget elementor-widget-icon-list\" data-id=\"62a7abf\" data-element_type=\"widget\" data-e-type=\"widget\" data-widget_type=\"icon-list.default\">\n\t\t\t\t\t\t\t<ul class=\"elementor-icon-list-items\">\n\t\t\t\t\t\t\t<li class=\"elementor-icon-list-item\">\n\t\t\t\t\t\t\t\t\t\t\t<span class=\"elementor-icon-list-icon\">\n\t\t\t\t\t\t\t<svg aria-hidden=\"true\" class=\"e-font-icon-svg e-fas-caret-right\" viewBox=\"0 0 192 512\" xmlns=\"http:\/\/www.w3.org\/2000\/svg\"><path d=\"M0 384.662V127.338c0-17.818 21.543-26.741 34.142-14.142l128.662 128.662c7.81 7.81 7.81 20.474 0 28.284L34.142 398.804C21.543 411.404 0 402.48 0 384.662z\"><\/path><\/svg>\t\t\t\t\t\t<\/span>\n\t\t\t\t\t\t\t\t\t\t<span class=\"elementor-icon-list-text\">Una camiseta t\u00e9cnica conmemorativa de la carrera (modelos diferentes para 21K y 10k).<\/span>\n\t\t\t\t\t\t\t\t\t<\/li>\n\t\t\t\t\t\t\t\t<li class=\"elementor-icon-list-item\">\n\t\t\t\t\t\t\t\t\t\t\t<span class=\"elementor-icon-list-icon\">\n\t\t\t\t\t\t\t<svg aria-hidden=\"true\" class=\"e-font-icon-svg e-fas-caret-right\" viewBox=\"0 0 192 512\" xmlns=\"http:\/\/www.w3.org\/2000\/svg\"><path d=\"M0 384.662V127.338c0-17.818 21.543-26.741 34.142-14.142l128.662 128.662c7.81 7.81 7.81 20.474 0 28.284L34.142 398.804C21.543 411.404 0 402.48 0 384.662z\"><\/path><\/svg>\t\t\t\t\t\t<\/span>\n\t\t\t\t\t\t\t\t\t\t<span class=\"elementor-icon-list-text\">Una medalla finisher coleccionable. Esta medalla \u2018encaja\u2019 con las medallas de las 5 pr\u00f3ximas ediciones para que, si corres las cinco, puedas guardarlas en el estuche que entregaremos en la Edici\u00f3n 55.<\/span>\n\t\t\t\t\t\t\t\t\t<\/li>\n\t\t\t\t\t\t<\/ul>\n\t\t\t\t\t\t<\/div>\n\t\t\t\t<div class=\"elementor-element elementor-element-6e3d08e elementor-widget elementor-widget-text-editor\" data-id=\"6e3d08e\" data-element_type=\"widget\" data-e-type=\"widget\" data-widget_type=\"text-editor.default\">\n\t\t\t\t\t\t\t\t\t<p>\u00a1Y m\u00e1s sorpresas!<\/p>\t\t\t\t\t\t\t\t<\/div>\n\t\t\t\t<div class=\"elementor-element elementor-element-b8b5c55 elementor-invisible elementor-widget elementor-widget-heading\" data-id=\"b8b5c55\" data-element_type=\"widget\" data-e-type=\"widget\" data-settings=\"{&quot;_animation&quot;:&quot;fadeInUp&quot;}\" data-widget_type=\"heading.default\">\n\t\t\t\t\t<div class=\"elementor-heading-title elementor-size-default\">Toda la info aqu\u00ed :<\/div>\t\t\t\t<\/div>\n\t\t\t\t<div class=\"elementor-element elementor-element-2a4c1aa elementor-widget elementor-widget-button\" data-id=\"2a4c1aa\" data-element_type=\"widget\" data-e-type=\"widget\" data-widget_type=\"button.default\">\n\t\t\t\t\t\t\t\t\t\t<a class=\"elementor-button elementor-button-link elementor-size-sm\" href=\"https:\/\/lamedia.enmantenimiento.es\/index.php\/feria-del-corredor\/\">\n\t\t\t\t\t\t<span class=\"elementor-button-content-wrapper\">\n\t\t\t\t\t\t\t\t\t<span class=\"elementor-button-text\">Recoge tu Bolsa en la Feria del Corredor<\/span>\n\t\t\t\t\t<\/span>\n\t\t\t\t\t<\/a>\n\t\t\t\t\t\t\t\t<\/div>\n\t\t\t\t<\/div>\n\t\t\t\t<\/div>\n\t\t\t\t<\/div>\n\t\t<div class=\"elementor-element elementor-element-0b6ad48 e-con-full e-flex e-con e-child\" data-id=\"0b6ad48\" data-element_type=\"container\" data-e-type=\"container\" data-settings=\"{&quot;background_background&quot;:&quot;classic&quot;}\">\n\t\t\t\t<div class=\"elementor-element elementor-element-b0f3793 elementor-widget elementor-widget-image\" data-id=\"b0f3793\" data-element_type=\"widget\" data-e-type=\"widget\" data-widget_type=\"image.default\">\n\t\t\t\t\t\t\t\t\t\t\t\t\t\t\t<img fetchpriority=\"high\" decoding=\"async\" width=\"1920\" height=\"1280\" src=\"https:\/\/lamedia.enmantenimiento.es\/wp-content\/uploads\/DSC6107.jpg\" class=\"attachment-full size-full wp-image-1035\" alt=\"\" srcset=\"https:\/\/lamedia.enmantenimiento.es\/wp-content\/uploads\/DSC6107.jpg 1920w, https:\/\/lamedia.enmantenimiento.es\/wp-content\/uploads\/DSC6107-300x200.jpg 300w, https:\/\/lamedia.enmantenimiento.es\/wp-content\/uploads\/DSC6107-1024x683.jpg 1024w, https:\/\/lamedia.enmantenimiento.es\/wp-content\/uploads\/DSC6107-768x512.jpg 768w, https:\/\/lamedia.enmantenimiento.es\/wp-content\/uploads\/DSC6107-1536x1024.jpg 1536w\" sizes=\"(max-width: 1920px) 100vw, 1920px\" \/>\t\t\t\t\t\t\t\t\t\t\t\t\t\t\t<\/div>\n\t\t\t\t<\/div>\n\t\t\t\t<\/div>\n\t\t\t\t\t<\/div>\n\t\t\t\t<\/div>\n\t\t\t\t<\/div>\n\t\t","protected":false},"excerpt":{"rendered":"<p>Bolsa del corredor de la Media Marat\u00f3n de Elche &#8211; 21K Tu kit de runner: La bolsa del corredor de la Media Marat\u00f3n. Tu bolsa del corredor es un homenaje a tu esfuerzo. Incluye: Una camiseta t\u00e9cnica conmemorativa de la carrera (modelos diferentes para 21K y 10k). Una medalla finisher coleccionable. Esta medalla \u2018encaja\u2019 con [&hellip;]<\/p>\n","protected":false},"author":1,"featured_media":0,"parent":0,"menu_order":0,"comment_status":"closed","ping_status":"closed","template":"","meta":{"footnotes":""},"class_list":["post-1337","page","type-page","status-publish","hentry"],"yoast_head":"<!-- This site is optimized with the Yoast SEO plugin v28.4 - https:\/\/yoast.com\/product\/yoast-seo-wordpress\/ -->\n<title>Bolsa del Corredor Media Marat\u00f3n de Elche 2027 | 21K<\/title>\n<meta name=\"description\" content=\"Descubre qu\u00e9 incluye la bolsa del corredor de la Media Marat\u00f3n de Elche: camiseta t\u00e9cnica, medalla finisher y otras sorpresas.\" \/>\n<meta name=\"robots\" content=\"noindex, follow, max-snippet:-1, max-image-preview:large, max-video-preview:-1\" \/>\n<meta property=\"og:locale\" content=\"es_ES\" \/>\n<meta property=\"og:type\" content=\"article\" \/>\n<meta property=\"og:title\" content=\"Bolsa del Corredor Media Marat\u00f3n de Elche 2027 | 21K\" \/>\n<meta property=\"og:description\" content=\"Descubre qu\u00e9 incluye la bolsa del corredor de la Media Marat\u00f3n de Elche: camiseta t\u00e9cnica, medalla finisher y otras sorpresas.\" \/>\n<meta property=\"og:url\" content=\"https:\/\/lamedia.enmantenimiento.es\/index.php\/bolsa-del-corredor-21k\/\" \/>\n<meta property=\"og:site_name\" content=\"La Media\" \/>\n<meta property=\"article:modified_time\" content=\"2026-09-04T09:06:41+00:00\" \/>\n<meta property=\"og:image\" content=\"https:\/\/lamedia.enmantenimiento.es\/wp-content\/uploads\/DSC6107.jpg\" \/>\n<meta name=\"twitter:card\" content=\"summary_large_image\" \/>\n<meta name=\"twitter:label1\" content=\"Tiempo de lectura\" \/>\n\t<meta name=\"twitter:data1\" content=\"1 minuto\" \/>\n<script type=\"application\/ld+json\" class=\"yoast-schema-graph\">{\"@context\":\"https:\\\/\\\/schema.org\",\"@graph\":[{\"@type\":\"WebPage\",\"@id\":\"https:\\\/\\\/lamedia.enmantenimiento.es\\\/index.php\\\/bolsa-del-corredor-21k\\\/\",\"url\":\"https:\\\/\\\/lamedia.enmantenimiento.es\\\/index.php\\\/bolsa-del-corredor-21k\\\/\",\"name\":\"Bolsa del Corredor Media Marat\u00f3n de Elche 2027 | 21K\",\"isPartOf\":{\"@id\":\"https:\\\/\\\/lamedia.enmantenimiento.es\\\/#website\"},\"primaryImageOfPage\":{\"@id\":\"https:\\\/\\\/lamedia.enmantenimiento.es\\\/index.php\\\/bolsa-del-corredor-21k\\\/#primaryimage\"},\"image\":{\"@id\":\"https:\\\/\\\/lamedia.enmantenimiento.es\\\/index.php\\\/bolsa-del-corredor-21k\\\/#primaryimage\"},\"thumbnailUrl\":\"https:\\\/\\\/lamedia.enmantenimiento.es\\\/wp-content\\\/uploads\\\/DSC6107.jpg\",\"datePublished\":\"2026-09-02T12:51:22+00:00\",\"dateModified\":\"2026-09-04T09:06:41+00:00\",\"description\":\"Descubre qu\u00e9 incluye la bolsa del corredor de la Media Marat\u00f3n de Elche: camiseta t\u00e9cnica, medalla finisher y otras sorpresas.\",\"breadcrumb\":{\"@id\":\"https:\\\/\\\/lamedia.enmantenimiento.es\\\/index.php\\\/bolsa-del-corredor-21k\\\/#breadcrumb\"},\"inLanguage\":\"es\",\"potentialAction\":[{\"@type\":\"ReadAction\",\"target\":[\"https:\\\/\\\/lamedia.enmantenimiento.es\\\/index.php\\\/bolsa-del-corredor-21k\\\/\"]}]},{\"@type\":\"ImageObject\",\"inLanguage\":\"es\",\"@id\":\"https:\\\/\\\/lamedia.enmantenimiento.es\\\/index.php\\\/bolsa-del-corredor-21k\\\/#primaryimage\",\"url\":\"https:\\\/\\\/lamedia.enmantenimiento.es\\\/wp-content\\\/uploads\\\/DSC6107.jpg\",\"contentUrl\":\"https:\\\/\\\/lamedia.enmantenimiento.es\\\/wp-content\\\/uploads\\\/DSC6107.jpg\",\"width\":1920,\"height\":1280},{\"@type\":\"BreadcrumbList\",\"@id\":\"https:\\\/\\\/lamedia.enmantenimiento.es\\\/index.php\\\/bolsa-del-corredor-21k\\\/#breadcrumb\",\"itemListElement\":[{\"@type\":\"ListItem\",\"position\":1,\"name\":\"Portada\",\"item\":\"https:\\\/\\\/lamedia.enmantenimiento.es\\\/\"},{\"@type\":\"ListItem\",\"position\":2,\"name\":\"Bolsa del Corredor 21K\"}]},{\"@type\":\"WebSite\",\"@id\":\"https:\\\/\\\/lamedia.enmantenimiento.es\\\/#website\",\"url\":\"https:\\\/\\\/lamedia.enmantenimiento.es\\\/\",\"name\":\"La Media\",\"description\":\"\",\"potentialAction\":[{\"@type\":\"SearchAction\",\"target\":{\"@type\":\"EntryPoint\",\"urlTemplate\":\"https:\\\/\\\/lamedia.enmantenimiento.es\\\/?s={search_term_string}\"},\"query-input\":{\"@type\":\"PropertyValueSpecification\",\"valueRequired\":true,\"valueName\":\"search_term_string\"}}],\"inLanguage\":\"es\"}]}<\/script>\n<!-- \/ Yoast SEO plugin. -->","yoast_head_json":{"title":"Bolsa del Corredor Media Marat\u00f3n de Elche 2027 | 21K","description":"Descubre qu\u00e9 incluye la bolsa del corredor de la Media Marat\u00f3n de Elche: camiseta t\u00e9cnica, medalla finisher y otras sorpresas.","robots":{"index":"noindex","follow":"follow","max-snippet":"max-snippet:-1","max-image-preview":"max-image-preview:large","max-video-preview":"max-video-preview:-1"},"og_locale":"es_ES","og_type":"article","og_title":"Bolsa del Corredor Media Marat\u00f3n de Elche 2027 | 21K","og_description":"Descubre qu\u00e9 incluye la bolsa del corredor de la Media Marat\u00f3n de Elche: camiseta t\u00e9cnica, medalla finisher y otras sorpresas.","og_url":"https:\/\/lamedia.enmantenimiento.es\/index.php\/bolsa-del-corredor-21k\/","og_site_name":"La Media","article_modified_time":"2026-09-04T09:06:41+00:00","og_image":[{"url":"https:\/\/lamedia.enmantenimiento.es\/wp-content\/uploads\/DSC6107.jpg","type":"","width":"","height":""}],"twitter_card":"summary_large_image","twitter_misc":{"Tiempo de lectura":"1 minuto"},"schema":{"@context":"https:\/\/schema.org","@graph":[{"@type":"WebPage","@id":"https:\/\/lamedia.enmantenimiento.es\/index.php\/bolsa-del-corredor-21k\/","url":"https:\/\/lamedia.enmantenimiento.es\/index.php\/bolsa-del-corredor-21k\/","name":"Bolsa del Corredor Media Marat\u00f3n de Elche 2027 | 21K","isPartOf":{"@id":"https:\/\/lamedia.enmantenimiento.es\/#website"},"primaryImageOfPage":{"@id":"https:\/\/lamedia.enmantenimiento.es\/index.php\/bolsa-del-corredor-21k\/#primaryimage"},"image":{"@id":"https:\/\/lamedia.enmantenimiento.es\/index.php\/bolsa-del-corredor-21k\/#primaryimage"},"thumbnailUrl":"https:\/\/lamedia.enmantenimiento.es\/wp-content\/uploads\/DSC6107.jpg","datePublished":"2026-09-02T12:51:22+00:00","dateModified":"2026-09-04T09:06:41+00:00","description":"Descubre qu\u00e9 incluye la bolsa del corredor de la Media Marat\u00f3n de Elche: camiseta t\u00e9cnica, medalla finisher y otras sorpresas.","breadcrumb":{"@id":"https:\/\/lamedia.enmantenimiento.es\/index.php\/bolsa-del-corredor-21k\/#breadcrumb"},"inLanguage":"es","potentialAction":[{"@type":"ReadAction","target":["https:\/\/lamedia.enmantenimiento.es\/index.php\/bolsa-del-corredor-21k\/"]}]},{"@type":"ImageObject","inLanguage":"es","@id":"https:\/\/lamedia.enmantenimiento.es\/index.php\/bolsa-del-corredor-21k\/#primaryimage","url":"https:\/\/lamedia.enmantenimiento.es\/wp-content\/uploads\/DSC6107.jpg","contentUrl":"https:\/\/lamedia.enmantenimiento.es\/wp-content\/uploads\/DSC6107.jpg","width":1920,"height":1280},{"@type":"BreadcrumbList","@id":"https:\/\/lamedia.enmantenimiento.es\/index.php\/bolsa-del-corredor-21k\/#breadcrumb","itemListElement":[{"@type":"ListItem","position":1,"name":"Portada","item":"https:\/\/lamedia.enmantenimiento.es\/"},{"@type":"ListItem","position":2,"name":"Bolsa del Corredor 21K"}]},{"@type":"WebSite","@id":"https:\/\/lamedia.enmantenimiento.es\/#website","url":"https:\/\/lamedia.enmantenimiento.es\/","name":"La Media","description":"","potentialAction":[{"@type":"SearchAction","target":{"@type":"EntryPoint","urlTemplate":"https:\/\/lamedia.enmantenimiento.es\/?s={search_term_string}"},"query-input":{"@type":"PropertyValueSpecification","valueRequired":true,"valueName":"search_term_string"}}],"inLanguage":"es"}]}},"_links":{"self":[{"href":"https:\/\/lamedia.enmantenimiento.es\/index.php\/wp-json\/wp\/v2\/pages\/1337","targetHints":{"allow":["GET"]}}],"collection":[{"href":"https:\/\/lamedia.enmantenimiento.es\/index.php\/wp-json\/wp\/v2\/pages"}],"about":[{"href":"https:\/\/lamedia.enmantenimiento.es\/index.php\/wp-json\/wp\/v2\/types\/page"}],"author":[{"embeddable":true,"href":"https:\/\/lamedia.enmantenimiento.es\/index.php\/wp-json\/wp\/v2\/users\/1"}],"replies":[{"embeddable":true,"href":"https:\/\/lamedia.enmantenimiento.es\/index.php\/wp-json\/wp\/v2\/comments?post=1337"}],"version-history":[{"count":4,"href":"https:\/\/lamedia.enmantenimiento.es\/index.php\/wp-json\/wp\/v2\/pages\/1337\/revisions"}],"predecessor-version":[{"id":2150,"href":"https:\/\/lamedia.enmantenimiento.es\/index.php\/wp-json\/wp\/v2\/pages\/1337\/revisions\/2150"}],"wp:attachment":[{"href":"https:\/\/lamedia.enmantenimiento.es\/index.php\/wp-json\/wp\/v2\/media?parent=1337"}],"curies":[{"name":"wp","href":"https:\/\/api.w.org\/{rel}","templated":true}]}}